{"id":3191,"date":"2026-01-08T14:23:21","date_gmt":"2026-01-08T14:23:21","guid":{"rendered":"https:\/\/skolaklas.cz\/?page_id=3191"},"modified":"2026-01-08T14:26:09","modified_gmt":"2026-01-08T14:26:09","slug":"aktuality-co-se-delo","status":"publish","type":"page","link":"https:\/\/skolaklas.cz\/?page_id=3191","title":{"rendered":"Aktuality &#8211; co se d\u011blo"},"content":{"rendered":"<div class=\"fusion-fullwidth fullwidth-box fusion-builder-row-1 nonhundred-percent-fullwidth non-hundred-percent-height-scrolling\" style=\"--awb-border-radius-top-left:0px;--awb-border-radius-top-right:0px;--awb-border-radius-bottom-right:0px;--awb-border-radius-bottom-left:0px;--awb-flex-wrap:wrap;\" ><div class=\"fusion-builder-row fusion-row\"><div class=\"fusion-layout-column fusion_builder_column fusion-builder-column-0 fusion_builder_column_1_1 1_1 fusion-one-full fusion-column-first fusion-column-last\" style=\"--awb-bg-size:cover;\"><div class=\"fusion-column-wrapper fusion-flex-column-wrapper-legacy\"><div class=\"fusion-flip-boxes flip-boxes row fusion-columns-3 flip-effect-classic\"><div class=\"fusion-flip-box-wrapper fusion-column col-lg-4 col-md-4 col-sm-4\"><div class=\"fusion-flip-box flip-right\" tabindex=\"0\"><div class=\"flip-box-inner-wrapper\"><div class=\"flip-box-front\"><div class=\"flip-box-front-inner\"><div class=\"flip-box-grafix flip-box-image\"><img decoding=\"async\" src=\"http:\/\/skolaklas.cz\/wp-content\/uploads\/2025\/11\/klas_20251108_1284895252.jpg\" width=\"866\" height=\"1200\" alt=\"\" \/><\/div><h2 class=\"flip-box-heading\">Ocen\u011bn\u00ed v sout\u011b\u017ei V\u00edcejazy\u010dnost je bohatstv\u00ed<\/h2>listopad 2025<\/div><\/div><div class=\"flip-box-back\"><div class=\"flip-box-back-inner\"><h3 class=\"flip-box-heading-back\">Ocen\u011bn\u00ed v sout\u011b\u017ei V\u00edcejazy\u010dnost je bohatstv\u00ed<\/h3>\n<div style=\"width: 640px;\" class=\"wp-video\"><video class=\"wp-video-shortcode\" id=\"video-3191-1\" width=\"640\" height=\"480\" preload=\"metadata\" controls=\"controls\"><source type=\"video\/mp4\" src=\"http:\/\/skolaklas.cz\/wp-content\/uploads\/2025\/11\/Proyecto-interdisciplinario-\u2013-\u201cEl-hombre-que-plantaba-a\u0301rboles\u201d-KLAS.mp4?_=1\" \/><a href=\"http:\/\/skolaklas.cz\/wp-content\/uploads\/2025\/11\/Proyecto-interdisciplinario-\u2013-\u201cEl-hombre-que-plantaba-a\u0301rboles\u201d-KLAS.mp4\">http:\/\/skolaklas.cz\/wp-content\/uploads\/2025\/11\/Proyecto-interdisciplinario-\u2013-\u201cEl-hombre-que-plantaba-a\u0301rboles\u201d-KLAS.mp4<\/a><\/video><\/div>\n<p>Na\u0161e \u0161kola byla letos znovu ocen\u011bna v sout\u011b\u017ei &#8222;V\u00edcejazy\u010dnost je bohatstv\u00ed&#8220;, a to za p\u0159\u00edkladnou spolupr\u00e1ci za projekt &#8222;Mu\u017e, kter\u00fd s\u00e1zel stromy&#8220;. Animovan\u00e9 video p\u0159ipravili pod veden\u00edm u\u010ditelky Macareny Barry \u017e\u00e1ci VIII. a IX. ro\u010dn\u00edku. Gratulujeme a jsme hrd\u00ed!<\/p>\n<p>V\u00edce o v\u00fdsledc\u00edch a sout\u011b\u017ei zde: https:\/\/www.zaedno.org\/home-kamaradi\/935-zverejneni-vysledku-souteze-2025<\/p>\n<\/div><\/div><\/div><\/div><\/div><div class=\"fusion-flip-box-wrapper fusion-column col-lg-4 col-md-4 col-sm-4\"><div class=\"fusion-flip-box flip-right\" tabindex=\"0\"><div class=\"flip-box-inner-wrapper\"><div class=\"flip-box-front\"><div class=\"flip-box-front-inner\"><div class=\"flip-box-grafix flip-box-image\"><img decoding=\"async\" src=\"http:\/\/skolaklas.cz\/wp-content\/uploads\/2025\/11\/Diwali2-e1762861467683-400x423.jpg\" width=\"400\" height=\"423\" alt=\"\" \/><\/div><h2 class=\"flip-box-heading\">Oslava Diwali v M\u0160<\/h2>listopad 2025<\/div><\/div><div class=\"flip-box-back\"><div class=\"flip-box-back-inner\"><h3 class=\"flip-box-heading-back\">Oslava Diwali v M\u0160<\/h3>\n<p class=\"cvGsUA direction-ltr align-justify para-style-body\"><span class=\"a_GcMg font-feature-liga-off font-feature-clig-off font-feature-calt-off text-decoration-none text-strikethrough-none\">Ve \u0161kolce Klas prob\u011bhla<\/span> <span class=\"a_GcMg font-feature-liga-off font-feature-clig-off font-feature-calt-off text-decoration-none text-strikethrough-none\">5. 11. 2025 oslava hinduistick\u00e9ho sv\u00e1tku Diwali. Jedn\u00e1 se<\/span> <span class=\"a_GcMg font-feature-liga-off font-feature-clig-off font-feature-calt-off text-decoration-none text-strikethrough-none\">o Sv\u00e1tek sv\u011btel, p\u0159i kter\u00e9m se zapaluj\u00ed mal\u00e9 hlin\u011bn\u00e9 lampi\u010dky s olejem jako symbol <\/span><span class=\"a_GcMg font-feature-liga-off font-feature-clig-off font-feature-calt-off text-decoration-none text-strikethrough-none\">v\u00edt\u011bzstv\u00ed dobra nad zlem.<\/span><\/p>\n<p class=\"cvGsUA direction-ltr align-justify para-style-body\"><span class=\"a_GcMg font-feature-liga-off font-feature-clig-off font-feature-calt-off text-decoration-none text-strikethrough-none\">P\u0159i t\u00e9to p\u0159\u00edle\u017eitosti d\u011bti pekly cukrov\u00ed, tan\u010dily tradi\u010dn\u00ed tance, navl\u00e9kaly girlandy a vytv\u00e1\u0159ely barevn\u00e9 mandaly. S organizac\u00ed pom\u00e1hala maminka d\u011bt\u00ed z M\u0160, kter\u00e1 poch\u00e1z\u00ed z Nep\u00e1lu.<\/span><\/p>\n<p><a href=\"http:\/\/skolaklas.cz\/wp-content\/uploads\/2025\/11\/Diwali1.jpg\"><img decoding=\"async\" class=\"alignnone size-fusion-400 wp-image-3052\" src=\"http:\/\/skolaklas.cz\/wp-content\/uploads\/2025\/11\/Diwali1-400x300.jpg\" alt=\"\" width=\"400\" height=\"300\" srcset=\"https:\/\/skolaklas.cz\/wp-content\/uploads\/2025\/11\/Diwali1-200x150.jpg 200w, https:\/\/skolaklas.cz\/wp-content\/uploads\/2025\/11\/Diwali1-300x225.jpg 300w, https:\/\/skolaklas.cz\/wp-content\/uploads\/2025\/11\/Diwali1-400x300.jpg 400w, https:\/\/skolaklas.cz\/wp-content\/uploads\/2025\/11\/Diwali1-600x450.jpg 600w, https:\/\/skolaklas.cz\/wp-content\/uploads\/2025\/11\/Diwali1-768x576.jpg 768w, https:\/\/skolaklas.cz\/wp-content\/uploads\/2025\/11\/Diwali1-800x600.jpg 800w, https:\/\/skolaklas.cz\/wp-content\/uploads\/2025\/11\/Diwali1-1024x768.jpg 1024w, https:\/\/skolaklas.cz\/wp-content\/uploads\/2025\/11\/Diwali1-1200x900.jpg 1200w, https:\/\/skolaklas.cz\/wp-content\/uploads\/2025\/11\/Diwali1-1536x1152.jpg 1536w, https:\/\/skolaklas.cz\/wp-content\/uploads\/2025\/11\/Diwali1.jpg 2048w\" sizes=\"(max-width: 400px) 100vw, 400px\" \/><\/a><\/p>\n<\/div><\/div><\/div><\/div><\/div><div class=\"fusion-flip-box-wrapper fusion-column col-lg-4 col-md-4 col-sm-4\"><div class=\"fusion-flip-box flip-right\" tabindex=\"0\"><div class=\"flip-box-inner-wrapper\"><div class=\"flip-box-front\"><div class=\"flip-box-front-inner\"><div class=\"flip-box-grafix flip-box-image\"><img decoding=\"async\" src=\"http:\/\/skolaklas.cz\/wp-content\/uploads\/2025\/11\/rautis2-e1762861540556-400x447.jpg\" width=\"400\" height=\"447\" alt=\"\" \/><\/div><h2 class=\"flip-box-heading\">V\u00e1no\u010dn\u00ed ozdoby do cel\u00e9 Evropy<\/h2>\u0159\u00edjen 2025<\/div><\/div><div class=\"flip-box-back\"><div class=\"flip-box-back-inner\"><h3 class=\"flip-box-heading-back\">V\u00e1no\u010dn\u00ed ozdoby do cel\u00e9 Evropy<\/h3>\n<p class=\"cvGsUA direction-ltr align-justify para-style-body\"><span class=\"a_GcMg font-feature-liga-off font-feature-clig-off font-feature-calt-off text-decoration-none text-strikethrough-none\">\u017d\u00e1ci III.A jsou letos sou\u010d\u00e1st\u00ed projektu <a href=\"https:\/\/www.europedirect.cz\/upload\/EventContent\/40218\/files\/original\/XmasTree24-Info%20pack%20SCHOOLS.pdf\"><strong>Evropsk\u00e1 v\u00fdm\u011bna v\u00e1no\u010dn\u00edch ozdob 2025<\/strong><\/a>, do kter\u00e9ho je zapojeno p\u0159es 470 \u0161kol z cel\u00e9 Evropy. Ty si budou mezi sebou pos\u00edlat vlastnoru\u010dn\u011b vyroben\u00e9 v\u00e1no\u010dn\u00ed ozdoby, tedy i do Klasu by m\u011blo dorazit mno\u017estv\u00ed v\u00e1no\u010dn\u00edch dekorac\u00ed z r\u016fzn\u00fdch zem\u00ed kontinentu.<\/span><\/p>\n<p>A co na\u0161i t\u0159e\u0165\u00e1ci do Evropy pos\u00edlaj\u00ed? V<span class=\"a_GcMg font-feature-liga-off font-feature-clig-off font-feature-calt-off text-decoration-none text-strikethrough-none\"> \u00fater\u00fd 4. listopadu se vydali na exkurzi do zn\u00e1m\u00e9 perli\u010dkov\u00e9 firmy Rautis v Ponikl\u00e9, aby se sezn\u00e1mili s tradi\u010dn\u00ed \u010deskou ru\u010dn\u00ed v\u00fdrobou sklen\u011bn\u00fdch perli\u010dek a nau\u010dili se, jak se z nich vyr\u00e1b\u00ed <\/span><span class=\"a_GcMg font-feature-liga-off font-feature-clig-off font-feature-calt-off text-decoration-none text-strikethrough-none\">z\u00e1\u0159iv\u00e9 sklen\u011bnkov\u00e9 hv\u011bzdi\u010dky. Posu\u010fte sami, jak se jim povedly:<\/span><\/p>\n<p><a href=\"http:\/\/skolaklas.cz\/wp-content\/uploads\/2025\/11\/578021391_10162720415083515_1914535375408901449_n-e1762860471740.jpg\"><img decoding=\"async\" class=\"alignnone size-fusion-400 wp-image-3046\" src=\"http:\/\/skolaklas.cz\/wp-content\/uploads\/2025\/11\/578021391_10162720415083515_1914535375408901449_n-e1762860471740-400x294.jpg\" alt=\"\" width=\"400\" height=\"294\" srcset=\"https:\/\/skolaklas.cz\/wp-content\/uploads\/2025\/11\/578021391_10162720415083515_1914535375408901449_n-e1762860471740-200x147.jpg 200w, https:\/\/skolaklas.cz\/wp-content\/uploads\/2025\/11\/578021391_10162720415083515_1914535375408901449_n-e1762860471740-300x220.jpg 300w, https:\/\/skolaklas.cz\/wp-content\/uploads\/2025\/11\/578021391_10162720415083515_1914535375408901449_n-e1762860471740-400x294.jpg 400w, https:\/\/skolaklas.cz\/wp-content\/uploads\/2025\/11\/578021391_10162720415083515_1914535375408901449_n-e1762860471740-600x441.jpg 600w, https:\/\/skolaklas.cz\/wp-content\/uploads\/2025\/11\/578021391_10162720415083515_1914535375408901449_n-e1762860471740-768x564.jpg 768w, https:\/\/skolaklas.cz\/wp-content\/uploads\/2025\/11\/578021391_10162720415083515_1914535375408901449_n-e1762860471740-800x587.jpg 800w, https:\/\/skolaklas.cz\/wp-content\/uploads\/2025\/11\/578021391_10162720415083515_1914535375408901449_n-e1762860471740-1024x752.jpg 1024w, https:\/\/skolaklas.cz\/wp-content\/uploads\/2025\/11\/578021391_10162720415083515_1914535375408901449_n-e1762860471740-1200x881.jpg 1200w, https:\/\/skolaklas.cz\/wp-content\/uploads\/2025\/11\/578021391_10162720415083515_1914535375408901449_n-e1762860471740-1536x1128.jpg 1536w, https:\/\/skolaklas.cz\/wp-content\/uploads\/2025\/11\/578021391_10162720415083515_1914535375408901449_n-e1762860471740.jpg 1889w\" sizes=\"(max-width: 400px) 100vw, 400px\" \/><\/a><\/p>\n<\/div><\/div><\/div><\/div><\/div><div class=\"fusion-flip-box-wrapper fusion-column col-lg-4 col-md-4 col-sm-4\"><div class=\"fusion-flip-box flip-right\" tabindex=\"0\"><div class=\"flip-box-inner-wrapper\"><div class=\"flip-box-front\"><div class=\"flip-box-front-inner\"><div class=\"flip-box-grafix flip-box-image\"><img decoding=\"async\" src=\"http:\/\/skolaklas.cz\/wp-content\/uploads\/2025\/11\/IMG_0770-e1762861583799-400x328.jpeg\" width=\"400\" height=\"328\" alt=\"\" \/><\/div><h2 class=\"flip-box-heading\">Pracovky v Klasu: st\u00e1\u017ee v opravdov\u00e9 pr\u00e1ci!<\/h2>\u0159\u00edjen 2025<\/div><\/div><div class=\"flip-box-back\"><div class=\"flip-box-back-inner\"><h3 class=\"flip-box-heading-back\">Pracovky v Klasu: st\u00e1\u017ee v opravdov\u00e9 pr\u00e1ci!<\/h3>\n<p class=\"xdj266r x14z9mp xat24cr x1lziwak x16tdsg8\">P\u0159edm\u011bt \u010caP neboli &#8222;\u010dlov\u011bk a sv\u011bt pr\u00e1ce&#8220;, d\u0159\u00edve &#8222;pracovn\u00ed vyu\u010dov\u00e1n\u00ed&#8220;, m\u00e1 u\u017e podle n\u00e1zvu docela p\u0159edstavitelnou n\u00e1pl\u0148. V\u011bt\u0161inou je to 1 hodina t\u00fddn\u011b, kdy d\u011bti pe\u010duj\u00ed o \u0161koln\u00ed zahradu nebo interi\u00e9r, va\u0159\u00ed, stloukaj\u00ed n\u011bco ze d\u0159eva nebo si pov\u00eddaj\u00ed o r\u016fzn\u00fdch povol\u00e1n\u00edch.<\/p>\n<p class=\"xdj266r x14z9mp xat24cr x1lziwak x16tdsg8\">Nic proti, ale my se m\u00e1me l\u00edp! My m\u00e1me rodi\u010de, kte\u0159\u00ed se neb\u00e1li pozvat t\u00fdmy na\u0161ich \u017e\u00e1k\u016f a uk\u00e1zat jim sv\u00e9 povol\u00e1n\u00ed na\u017eivo. D\u011bkujeme!<\/p>\n<p class=\"xdj266r x14z9mp xat24cr x1lziwak x16tdsg8\">\u017d\u00e1ci 6.-8. t\u0159\u00eddy nav\u0161t\u00edvili l\u00e9k\u00e1rnu v Sezemic\u00edch, v\u00fdrobnu m\u00f3dn\u00edch pl\u00e9d\u016f My.pled, firmu ICE ve \u017d\u010f\u00e1\u0159e, specializuj\u00edc\u00ed se na automatizaci ve stavebnictv\u00ed, CHE&#8217;S cafe bar v Pardubic\u00edch a marketingovou firmu Support Box. Sv\u00e9 z\u00e1\u017eitky a zku\u0161enosti ka\u017ed\u00fd t\u00fdm prezentoval ostatn\u00edm, a zd\u00e1lo se, \u017ee d\u00edky tomu maj\u00ed o v\u00fdb\u011bru budouc\u00edho povol\u00e1n\u00ed o trochu jasn\u011bji.<\/p>\n<\/div><\/div><\/div><\/div><\/div><div class=\"fusion-flip-box-wrapper fusion-column col-lg-4 col-md-4 col-sm-4\"><div class=\"fusion-flip-box flip-right\" tabindex=\"0\"><div class=\"flip-box-inner-wrapper\"><div class=\"flip-box-front\"><div class=\"flip-box-front-inner\"><div class=\"flip-box-grafix flip-box-image\"><img decoding=\"async\" src=\"http:\/\/skolaklas.cz\/wp-content\/uploads\/2025\/06\/akademie-400x194.jpg\" width=\"400\" height=\"194\" alt=\"\" \/><\/div><h2 class=\"flip-box-heading\">\u0160koln\u00ed akademie v Rosic\u00edch<\/h2>\u010derven 2025<\/div><\/div><div class=\"flip-box-back\"><div class=\"flip-box-back-inner\"><h3 class=\"flip-box-heading-back\">\u0160koln\u00ed akademie v Rosic\u00edch<\/h3>\n<p>26. \u010dervna prob\u011bhla \u0161koln\u00ed akademie, na kter\u00e9 se setkali \u017e\u00e1ci, rodi\u010de, u\u010ditel\u00e9, absolventi a p\u0159\u00e1tel\u00e9 \u0161koly. D\u011bti si p\u0159ipravily spoustu skv\u011bl\u00fdch vystoupen\u00ed a v\u00fdstav sv\u00fdch d\u011bl a \u017e\u00e1kovsk\u00fdch prac\u00ed, ale tak\u00e9 prodejn\u00ed st\u00e1nky s dobrotami, na nich\u017e si tr\u00e9novali sv\u00e9 podnikatelsk\u00e9 schopnosti.<\/p>\n<p>Pasovali jsme p\u0159ed\u0161koln\u00ed d\u011bti na \u0161kol\u00e1\u010dky a rozlou\u010dili jsme se s na\u0161imi dev\u00e1\u0165\u00e1ky. Pro v\u0161echny z n\u00e1s t\u00edm n\u011bco b\u00e1je\u010dn\u00e9ho skon\u010dilo. Ale u\u017e z\u00edtra tak\u00e9 pro ka\u017ed\u00e9ho z n\u00e1s n\u011bco nov\u00e9ho skv\u011bl\u00e9ho za\u010d\u00edn\u00e1! Tak hodn\u011b \u0161t\u011bst\u00ed!<\/p>\n<\/div><\/div><\/div><\/div><\/div><div class=\"fusion-flip-box-wrapper fusion-column col-lg-4 col-md-4 col-sm-4\"><div class=\"fusion-flip-box flip-right\" tabindex=\"0\"><div class=\"flip-box-inner-wrapper\"><div class=\"flip-box-front\"><div class=\"flip-box-front-inner\"><div class=\"flip-box-grafix flip-box-image\"><img decoding=\"async\" src=\"http:\/\/skolaklas.cz\/wp-content\/uploads\/2025\/06\/klasyada-400x300.jpg\" width=\"400\" height=\"300\" alt=\"\" \/><\/div><h2 class=\"flip-box-heading\">Klasy\u00e1da 2025<\/h2>\u010derven 2025<\/div><\/div><div class=\"flip-box-back\"><div class=\"flip-box-back-inner\"><h3 class=\"flip-box-heading-back\">Klasy\u00e1da 2025<\/h3>\n<p>Konec \u010dervna pat\u0159\u00ed u\u017e tradi\u010dn\u011b kreativn\u011b-sportovn\u00edmu kl\u00e1n\u00ed Klasy\u00e1da. \u017d\u00e1ci cel\u00e9 \u0161koly vytvo\u0159\u00ed sm\u00ed\u0161en\u00e9 t\u00fdmy nap\u0159\u00ed\u010d ro\u010dn\u00edky a nejprve si vytv\u00e1\u0159ej\u00ed t\u00fdmovou identitu &#8211; n\u00e1zev t\u00fdmu, erb, hymnu, pok\u0159ik, pak vyrob\u00ed medaile pro v\u0161echny, letos byly su\u0161enkov\u00e9, a nakonec se pust\u00ed do sportovn\u00edch discipl\u00edn. C\u00edlem je t\u00fdmov\u00e1 spolupr\u00e1ce a fair play. I letos se c\u00edle naplnili, a je\u0161t\u011b jsme si to u\u017eili!<\/p>\n<\/div><\/div><\/div><\/div><\/div><div class=\"fusion-flip-box-wrapper fusion-column col-lg-4 col-md-4 col-sm-4\"><div class=\"fusion-flip-box flip-right\" tabindex=\"0\"><div class=\"flip-box-inner-wrapper\"><div class=\"flip-box-front\"><div class=\"flip-box-front-inner\"><div class=\"flip-box-grafix flip-box-image\"><img decoding=\"async\" src=\"http:\/\/skolaklas.cz\/wp-content\/uploads\/2025\/06\/cina-400x300.jpg\" width=\"400\" height=\"300\" alt=\"\" \/><\/div><h2 class=\"flip-box-heading\">Klas v \u010c\u00edn\u011b<\/h2>\u010derven 2025<\/div><\/div><div class=\"flip-box-back\"><div class=\"flip-box-back-inner\"><h3 class=\"flip-box-heading-back\">Klas v \u010c\u00edn\u011b<\/h3>\n<p>Ka\u017ed\u00fd rok n\u011bkam cestujeme. Letos pro n\u00e1s v\u00fdlet za hranice p\u0159ipravili Jacky a Misha &#8211; Jacky z \u010c\u00edny poch\u00e1z\u00ed, Misha tam str\u00e1vila mnoho let, a tak p\u0159esn\u011b v\u011bd\u011bli, kam n\u00e1s vz\u00edt a co n\u00e1m uk\u00e1zat: Peking, Zak\u00e1zan\u00e9 m\u011bsto, \u010c\u00ednskou ze\u010f, ale i spoustu m\u00edstn\u00edch chut\u00ed nebo t\u0159eba sple\u0165 ve\u0159ejn\u00e9 dopravy v m\u011bst\u011b, kter\u00e9 nikdy nesp\u00ed. D\u011bkujeme, bylo to obohacuj\u00edc\u00ed! I d\u00edky tomu n\u00e1m na\u0161e svoboda p\u0159ijde cenn\u011bj\u0161\u00ed.<\/p>\n<\/div><\/div><\/div><\/div><\/div><div class=\"fusion-flip-box-wrapper fusion-column col-lg-4 col-md-4 col-sm-4\"><div class=\"fusion-flip-box flip-right\" tabindex=\"0\"><div class=\"flip-box-inner-wrapper\"><div class=\"flip-box-front\"><div class=\"flip-box-front-inner\"><div class=\"flip-box-grafix flip-box-image\"><img decoding=\"async\" src=\"http:\/\/skolaklas.cz\/wp-content\/uploads\/2025\/06\/rafty-e1751183888520-400x277.jpg\" width=\"400\" height=\"277\" alt=\"\" \/><\/div><h2 class=\"flip-box-heading\">\u0160koly v p\u0159\u00edrod\u011b<\/h2>\u010derven 2025<\/div><\/div><div class=\"flip-box-back\"><div class=\"flip-box-back-inner\"><h3 class=\"flip-box-heading-back\">\u0160koly v p\u0159\u00edrod\u011b<\/h3>\n<p>Leto\u0161n\u00ed \u0161koly v p\u0159\u00edrod\u011b se rozeb\u011bhly r\u016fzn\u00fdmi sm\u011bry: jedna parta jela na raftech po S\u00e1zav\u011b, druh\u00e1 odjela k Toulovcov\u00fdm ma\u0161tal\u00edm, dal\u0161\u00ed lezla po skal\u00e1ch \u017delezn\u00fdch hor a je\u0161t\u011b dal\u0161\u00ed absolvovala dvoudenn\u00ed \u010dundr s p\u0159esp\u00e1n\u00edm pod skaln\u00edm p\u0159evisem, nav\u00edc v temn\u00e9 bou\u0159kov\u00e9 noci. V\u0161ichni si krom batoh\u016f \u0161pinav\u00e9ho pr\u00e1dla p\u0159ivezli milion z\u00e1\u017eitk\u016f a pocit, \u017ee v sob\u011b objevili v\u00edc, ne\u017e od sebe sami \u010dekali. Ka\u017ed\u00fd se o kousek p\u0159ekonal, o kousek povyrostl, o kousek zpevnil sv\u00e9 sebe-v\u011bdom\u00ed. D\u00edky u\u010ditel\u016fm za skv\u011bl\u00fd program!\u00a0<a href=\"http:\/\/skolaklas.cz\/wp-content\/uploads\/2025\/06\/skaly2.jpg\"><img decoding=\"async\" class=\"alignnone wp-image-2909\" src=\"http:\/\/skolaklas.cz\/wp-content\/uploads\/2025\/06\/skaly2-400x300.jpg\" alt=\"\" width=\"263\" height=\"197\" srcset=\"https:\/\/skolaklas.cz\/wp-content\/uploads\/2025\/06\/skaly2-200x150.jpg 200w, https:\/\/skolaklas.cz\/wp-content\/uploads\/2025\/06\/skaly2-300x225.jpg 300w, https:\/\/skolaklas.cz\/wp-content\/uploads\/2025\/06\/skaly2-400x300.jpg 400w, https:\/\/skolaklas.cz\/wp-content\/uploads\/2025\/06\/skaly2-600x450.jpg 600w, https:\/\/skolaklas.cz\/wp-content\/uploads\/2025\/06\/skaly2-768x576.jpg 768w, https:\/\/skolaklas.cz\/wp-content\/uploads\/2025\/06\/skaly2-800x600.jpg 800w, https:\/\/skolaklas.cz\/wp-content\/uploads\/2025\/06\/skaly2-1024x768.jpg 1024w, https:\/\/skolaklas.cz\/wp-content\/uploads\/2025\/06\/skaly2-1200x900.jpg 1200w, https:\/\/skolaklas.cz\/wp-content\/uploads\/2025\/06\/skaly2-1536x1152.jpg 1536w, https:\/\/skolaklas.cz\/wp-content\/uploads\/2025\/06\/skaly2.jpg 2048w\" sizes=\"(max-width: 263px) 100vw, 263px\" \/><\/a><\/p>\n<\/div><\/div><\/div><\/div><\/div><div class=\"fusion-flip-box-wrapper fusion-column col-lg-4 col-md-4 col-sm-4\"><div class=\"fusion-flip-box flip-right\" tabindex=\"0\"><div class=\"flip-box-inner-wrapper\"><div class=\"flip-box-front\"><div class=\"flip-box-front-inner\"><div class=\"flip-box-grafix flip-box-image\"><img decoding=\"async\" src=\"http:\/\/skolaklas.cz\/wp-content\/uploads\/2025\/06\/IMG_8827-768x1024.jpeg\" width=\"768\" height=\"1024\" alt=\"\" \/><\/div><h2 class=\"flip-box-heading\">Pern\u0161tejni a \u010de\u0161tina<\/h2>\u010derven 2025<\/div><\/div><div class=\"flip-box-back\"><div class=\"flip-box-back-inner\"><h3 class=\"flip-box-heading-back\">Pern\u0161tejni a \u010de\u0161tina<\/h3>\n<p>Minul\u00e9 \u00fater\u00fd m\u011bla 8.B a 9.B projektov\u00fd den zam\u011b\u0159en\u00fd na pardubick\u00e9 Pern\u0161tejny a \u010de\u0161tinu. Nejprve se \u017e\u00e1ci ve \u0161kole sezn\u00e1mili s heraldikou tohoto \u0161lechtick\u00e9ho rodu a s pov\u011bst\u00ed o jej\u00edm vzniku, tak\u00e9 se sami pokou\u0161eli erb navrhnout. Pak v\u0161ichni spole\u010dn\u011b vyrazili na pardubick\u00fd z\u00e1mek sezn\u00e1mit se s Pern\u0161tejny p\u0159\u00edmo v jejich s\u00eddle. V\u00fdklad pan\u00ed pr\u016fvodkyn\u011b v \u010de\u0161tin\u011b nebyl pro \u017e\u00e1ky v\u016fbec lehk\u00fd, ale state\u010dn\u011b ho zvl\u00e1dli, dokonce rozlu\u0161tili i tajenku &#8211; heslo pern\u0161tejnsk\u00e9ho rodu , kter\u00e9 je zavedlo k pokladu. \u00a0Nejv\u00edc se v\u0161em pak l\u00edbilo v z\u00e1meck\u00e9 zbrojnici. A hlavn\u011b si v\u0161ichni zapamatovali: &#8222;Kdo vytrv\u00e1, v\u00edt\u011bz\u00ed!&#8220;<\/p>\n<\/div><\/div><\/div><\/div><\/div><div class=\"fusion-flip-box-wrapper fusion-column col-lg-4 col-md-4 col-sm-4\"><div class=\"fusion-flip-box flip-right\" tabindex=\"0\"><div class=\"flip-box-inner-wrapper\"><div class=\"flip-box-front\"><div class=\"flip-box-front-inner\"><div class=\"flip-box-grafix flip-box-image\"><img decoding=\"async\" src=\"http:\/\/skolaklas.cz\/wp-content\/uploads\/2025\/06\/gastro-400x533.jpg\" width=\"400\" height=\"533\" alt=\"\" \/><\/div><h2 class=\"flip-box-heading\">Multikulturn\u00ed Gastro festival<\/h2>21. kv\u011btna 2025<\/div><\/div><div class=\"flip-box-back\"><div class=\"flip-box-back-inner\"><h3 class=\"flip-box-heading-back\">Multikulturn\u00ed Gastro festival<\/h3>\n<p>\u0160kola Klas se i letos p\u0159ipojila k programu Multikulturn\u00edho t\u00fddne Pardubice a p\u0159ipravila pro ve\u0159ejnost multikulturn\u00ed Gastro festival. \u017d\u00e1ci a u\u010ditel\u00e9 nava\u0159ili, napekli, vyrobili spoustu n\u00e1rodn\u00edch dobrot: ukrajinsk\u00e9 syrnyky a bor\u0161\u010d, americk\u00e1 grilovan\u00e1 k\u0159id\u00fdlka, mexick\u00e9 tacos, novoz\u00e9landsk\u00e9 h\u0101ngi, francouzsk\u00e9 toasty, \u010desk\u00e9 chleb\u00ed\u010dky i Honzovy buchty. To v\u0161e bylo k ochutn\u00e1n\u00ed po cel\u00e9 jedno kv\u011btnov\u00e9 odpoledne.<\/p>\n<\/div><\/div><\/div><\/div><\/div><div class=\"fusion-flip-box-wrapper fusion-column col-lg-4 col-md-4 col-sm-4\"><div class=\"fusion-flip-box flip-right\" tabindex=\"0\"><div class=\"flip-box-inner-wrapper\"><div class=\"flip-box-front\"><div class=\"flip-box-front-inner\"><div class=\"flip-box-grafix flip-box-image\"><img decoding=\"async\" src=\"http:\/\/skolaklas.cz\/wp-content\/uploads\/2025\/05\/MTK-setkani_Komarkova-1024x653.png\" width=\"1024\" height=\"653\" alt=\"\" \/><\/div><h2 class=\"flip-box-heading\">Podp\u016frn\u00e9 setk\u00e1n\u00ed pro rodi\u010de bilingvn\u00edch d\u011bt\u00ed<\/h2>kv\u011bten 2025<\/div><\/div><div class=\"flip-box-back\"><div class=\"flip-box-back-inner\"><h3 class=\"flip-box-heading-back\">Podp\u016frn\u00e9 setk\u00e1n\u00ed pro rodi\u010de bilingvn\u00edch d\u011bt\u00ed<\/h3>\n<p>Zveme hlavn\u011b rodi\u010de bilingvn\u00edch d\u011bt\u00ed a v\u0161echny z\u00e1jemce na podp\u016frn\u00e9 setk\u00e1n\u00ed: <strong>v \u00fater\u00fd 27. 5. 2025 v 15.00<\/strong> se m\u016f\u017eete potkat s terapeutkou Terezou Kom\u00e1rkovou.<br \/>\nDotkneme se t\u0159eba i t\u011bchto t\u00e9mat:<br \/>\n&#8211; kdy\u017e doma mluv\u00edme r\u016fzn\u00fdmi jazyky<br \/>\n&#8211; jak podpo\u0159it vztah d\u00edt\u011bte k jeho ko\u0159en\u016fm a co jsou ko\u0159eny v bilingvn\u00ed rodin\u011b<br \/>\n&#8211; kultura, kterou si neseme \u2013 a kterou (ne)p\u0159ed\u00e1v\u00e1me<br \/>\n&#8211; odm\u00edt\u00e1n\u00ed jazyka, styd\u011bn\u00ed se, fenom\u00e9n \u201ewhitewashing\u201c<br \/>\n&#8211; r\u016fzn\u00e9 \u0161koly, syst\u00e9my a domovy aneb jak pracovat se zm\u011bnami tradic, kter\u00e9 \u017eijeme \u2013 nebo nech\u00e1v\u00e1me za sebou<br \/>\n&#8211; praktick\u00e9 uk\u00e1zky a n\u00e1pady, jak z\u016fstat v kontaktu s d\u00edt\u011btem p\u0159i zm\u011bn\u00e1ch a situac\u00edch, se kter\u00fdmi nesouhlas\u00edm<\/p>\n<p><a href=\"http:\/\/skolaklas.cz\/wp-content\/uploads\/2025\/05\/Z\u0160-Klas-pozv\u00e1nka-na-podp\u016frn\u00e9-setkan\u00ed-1-1.pdf\">Z\u0160 Klas &#8211; pozv\u00e1nka na podp\u016frn\u00e9 setkan\u00ed (1)<\/a><\/p>\n<\/div><\/div><\/div><\/div><\/div><div class=\"fusion-flip-box-wrapper fusion-column col-lg-4 col-md-4 col-sm-4\"><div class=\"fusion-flip-box flip-right\" tabindex=\"0\"><div class=\"flip-box-inner-wrapper\"><div class=\"flip-box-front\"><div class=\"flip-box-front-inner\"><div class=\"flip-box-grafix flip-box-image\"><img decoding=\"async\" src=\"http:\/\/skolaklas.cz\/wp-content\/uploads\/2025\/03\/IMG_7176-300x225.jpeg\" width=\"300\" height=\"225\" alt=\"\" \/><\/div><h2 class=\"flip-box-heading\">P\u0159ich\u00e1z\u00edme z daleka - v Draku<\/h2>b\u0159ezen 2025<\/div><\/div><div class=\"flip-box-back\"><div class=\"flip-box-back-inner\"><h3 class=\"flip-box-heading-back\">P\u0159ich\u00e1z\u00edme z daleka - v Draku<\/h3>\n<p dir=\"ltr\">Dnes se na\u0161i osm\u00e1ci a dev\u00e1\u0165\u00e1ci vypravili do hradeck\u00e9ho divadla Drak na unik\u00e1tn\u00ed p\u0159edstaven\u00ed v angli\u010dtin\u011b &#8222;P\u0159ich\u00e1z\u00edme z daleka&#8220; o d\u011btsk\u00fdch syrsk\u00fdch uprchl\u00edc\u00edch (<a href=\"https:\/\/draktheatre.cz\/repertoar\/nie-we-come-from-far-far-away-prichazime-z-daleka\/\" target=\"_blank\" rel=\"noopener noreferrer\" data-saferedirecturl=\"https:\/\/www.google.com\/url?q=https:\/\/draktheatre.cz\/repertoar\/nie-we-come-from-far-far-away-prichazime-z-daleka\/&amp;source=gmail&amp;ust=1741419613900000&amp;usg=AOvVaw0vvZrktO2maVfVRMxcIkVw\">https:\/\/draktheatre.cz\/<wbr \/>repertoar\/nie-we-come-from-<wbr \/>far-far-away-prichazime-z-<wbr \/>daleka\/)<\/a>.<\/p>\n<p dir=\"ltr\">Po p\u0159edstaven\u00ed m\u011bli mo\u017enost si tak\u00e9 popov\u00eddat s \u0159editelem divadla Tom\u00e1\u0161em Jarkovsk\u00fdm. A kdo cht\u011bl, mohl se tak\u00e9 p\u0159idat k celorepublikov\u00e9 akci \u010desk\u00fdch divadel, kter\u00e1 m\u00e1 b\u00fdt p\u0159ipom\u00ednkou tragick\u00e9 ud\u00e1losti z 16. 3. 2022 v ukrajinsk\u00e9m Mariupolu, kdy p\u0159i bombardov\u00e1n\u00ed tamn\u00edho divadla, kter\u00e9mu se m\u00edstn\u00ed sna\u017eili zabr\u00e1nit z v\u00fd\u0161ky viditeln\u00fdmi n\u00e1pisy &#8222;D\u011aTI&#8220;, \u00a0zem\u0159elo p\u0159es n\u011bkolik stovek \u00a0lid\u00ed, p\u0159ev\u00e1\u017en\u011b d\u011bt\u00ed.<\/p>\n<\/div><\/div><\/div><\/div><\/div><div class=\"fusion-flip-box-wrapper fusion-column col-lg-4 col-md-4 col-sm-4\"><div class=\"fusion-flip-box flip-right\" tabindex=\"0\"><div class=\"flip-box-inner-wrapper\"><div class=\"flip-box-front\"><div class=\"flip-box-front-inner\"><div class=\"flip-box-grafix flip-box-image\"><img decoding=\"async\" src=\"http:\/\/skolaklas.cz\/wp-content\/uploads\/2025\/02\/480477975_1015940533902374_1510712591704388085_n-e1740418653469-300x208.jpg\" width=\"300\" height=\"208\" alt=\"\" \/><\/div><h2 class=\"flip-box-heading\">N\u00e1v\u0161t\u011bva z Nep\u00e1lu<\/h2>\u00fanor 2025<\/div><\/div><div class=\"flip-box-back\"><div class=\"flip-box-back-inner\"><h3 class=\"flip-box-heading-back\">N\u00e1v\u0161t\u011bva z Nep\u00e1lu<\/h3>\n<p>Na\u0161i \u0161kolu nav\u0161t\u00edvila u\u010ditelka Sang Mo z Mal\u00e9ho Tibetu z Nep\u00e1lu. Pond\u011bln\u00ed dopoledne str\u00e1vila v polabinsk\u00e9 pobo\u010dce \u0161koly pro ukrajinsk\u00e9 uprchl\u00edky, kterou provozujeme za podpory M\u0160MT a UNICEF. V \u00fater\u00fd ji p\u0159iv\u00edtali dev\u00e1\u0165\u00e1ci v Rosic\u00edch: provedli ji po \u0161kole a p\u0159ekvapili ji oslavou jej\u00edch narozenin. A pak u\u017e \u0161la Sang Mo nav\u0161t\u00edvit p\u0159\u00edmo v\u00fduku &#8211; anglickou matematiku, angli\u010dtinu v prvn\u00ed t\u0159\u00edd\u011b, nechyb\u011bly samoz\u0159ejm\u011b ani dv\u011b hodiny spole\u010dn\u00fdch besed (s osm\u00e1ky a pak se \u010dtvr\u0165\u00e1ky). A na z\u00e1v\u011br je\u0161t\u011b hodina odpoledn\u00edho kung-fu.<\/p>\n<div style=\"width: 848px;\" class=\"wp-video\"><video class=\"wp-video-shortcode\" id=\"video-3191-2\" width=\"848\" height=\"480\" preload=\"metadata\" controls=\"controls\"><source type=\"video\/mp4\" src=\"http:\/\/skolaklas.cz\/wp-content\/uploads\/2025\/02\/9a1dc3f6-24a5-4105-855e-46426b7c3f5d.mp4?_=2\" \/><a href=\"http:\/\/skolaklas.cz\/wp-content\/uploads\/2025\/02\/9a1dc3f6-24a5-4105-855e-46426b7c3f5d.mp4\">http:\/\/skolaklas.cz\/wp-content\/uploads\/2025\/02\/9a1dc3f6-24a5-4105-855e-46426b7c3f5d.mp4<\/a><\/video><\/div>\n<\/div><\/div><\/div><\/div><\/div><div class=\"fusion-flip-box-wrapper fusion-column col-lg-4 col-md-4 col-sm-4\"><div class=\"fusion-flip-box flip-right\" tabindex=\"0\"><div class=\"flip-box-inner-wrapper\"><div class=\"flip-box-front\"><div class=\"flip-box-front-inner\"><div class=\"flip-box-grafix flip-box-image\"><img decoding=\"async\" src=\"http:\/\/skolaklas.cz\/wp-content\/uploads\/2025\/02\/479343737_1262470861908198_339135476694740357_n-300x200.jpg\" width=\"300\" height=\"200\" alt=\"\" \/><\/div><h2 class=\"flip-box-heading\">\u00dasp\u011bch v Basic Lingua!<\/h2>\u00fanor 2025<\/div><\/div><div class=\"flip-box-back\"><div class=\"flip-box-back-inner\"><h3 class=\"flip-box-heading-back\">\u00dasp\u011bch v Basic Lingua!<\/h3>\n<p>Terka a Ondra z VII.A se um\u00edstili na p\u0159edn\u00edch p\u0159\u00ed\u010dk\u00e1ch krajsk\u00e9ho kola anglick\u00e9 jazykov\u00e9 sout\u011b\u017ee Basic Lingua. Gratulujeme!<\/p>\n<p>Sout\u011b\u017e po\u0159\u00e1d\u00e1 hradeck\u00e9 Prvn\u00ed soukrom\u00e9 jazykov\u00e9 gymn\u00e1zium, testov\u00e1n\u00ed \u017e\u00e1k\u016f prob\u00edh\u00e1 ve dvou kategori\u00edch. Na\u0161i usp\u011bli v levelu A2.<\/p>\n<\/div><\/div><\/div><\/div><\/div><div class=\"fusion-flip-box-wrapper fusion-column col-lg-4 col-md-4 col-sm-4\"><div class=\"fusion-flip-box flip-right\" tabindex=\"0\"><div class=\"flip-box-inner-wrapper\"><div class=\"flip-box-front\"><div class=\"flip-box-front-inner\"><div class=\"flip-box-grafix flip-box-image\"><img decoding=\"async\" src=\"http:\/\/skolaklas.cz\/wp-content\/uploads\/2025\/02\/IMG_8436-300x160.jpg\" width=\"300\" height=\"160\" alt=\"\" \/><\/div><h2 class=\"flip-box-heading\">Ob\u010danka a v\u00fdtvarka v jednom? Jde to!<\/h2>\u00fanor 2025<\/div><\/div><div class=\"flip-box-back\"><div class=\"flip-box-back-inner\"><h3 class=\"flip-box-heading-back\">Ob\u010danka a v\u00fdtvarka v jednom? Jde to!<\/h3>\n<p>&#8222;Posledn\u00ed t\u0159i hodiny jsme se v ob\u010dance v\u011bnovali st\u00e1tn\u00edm sv\u00e1tk\u016fm. D\u011blali jsme komiksy, kter\u00e9 n\u00e1s m\u011bly nejsp\u00ed\u0161 nau\u010dit zkr\u00e1tit informace. A taky je transformovat do obr\u00e1zk\u016f. Ka\u017ed\u00fd si vybral st\u00e1tn\u00ed sv\u00e1tek a ud\u011blal kr\u00e1tk\u00fd komiks, kter\u00fd obsahoval osm obr\u00e1zk\u016f s mal\u00fdm textem.&#8220;<br \/>\nK\u00e1ja, VII.A<\/p>\n<p><a href=\"http:\/\/skolaklas.cz\/wp-content\/uploads\/2025\/02\/IMG_8434-1-scaled.jpg\"><img decoding=\"async\" class=\"alignnone size-medium wp-image-2797\" src=\"http:\/\/skolaklas.cz\/wp-content\/uploads\/2025\/02\/IMG_8434-1-300x147.jpg\" alt=\"\" width=\"300\" height=\"147\" srcset=\"https:\/\/skolaklas.cz\/wp-content\/uploads\/2025\/02\/IMG_8434-1-200x98.jpg 200w, https:\/\/skolaklas.cz\/wp-content\/uploads\/2025\/02\/IMG_8434-1-300x147.jpg 300w, https:\/\/skolaklas.cz\/wp-content\/uploads\/2025\/02\/IMG_8434-1-400x196.jpg 400w, https:\/\/skolaklas.cz\/wp-content\/uploads\/2025\/02\/IMG_8434-1-600x293.jpg 600w, https:\/\/skolaklas.cz\/wp-content\/uploads\/2025\/02\/IMG_8434-1-768x376.jpg 768w, https:\/\/skolaklas.cz\/wp-content\/uploads\/2025\/02\/IMG_8434-1-800x391.jpg 800w, https:\/\/skolaklas.cz\/wp-content\/uploads\/2025\/02\/IMG_8434-1-1024x501.jpg 1024w, https:\/\/skolaklas.cz\/wp-content\/uploads\/2025\/02\/IMG_8434-1-1200x587.jpg 1200w, https:\/\/skolaklas.cz\/wp-content\/uploads\/2025\/02\/IMG_8434-1-1536x751.jpg 1536w, https:\/\/skolaklas.cz\/wp-content\/uploads\/2025\/02\/IMG_8434-1-scaled.jpg 2560w\" sizes=\"(max-width: 300px) 100vw, 300px\" \/><\/a><\/p>\n<\/div><\/div><\/div><\/div><\/div><div class=\"fusion-flip-box-wrapper fusion-column col-lg-4 col-md-4 col-sm-4\"><div class=\"fusion-flip-box flip-right\" tabindex=\"0\"><div class=\"flip-box-inner-wrapper\"><div class=\"flip-box-front\"><div class=\"flip-box-front-inner\"><div class=\"flip-box-grafix flip-box-image\"><img decoding=\"async\" src=\"http:\/\/skolaklas.cz\/wp-content\/uploads\/2025\/02\/IMG_6892-300x225.jpeg\" width=\"300\" height=\"225\" alt=\"\" \/><\/div><h2 class=\"flip-box-heading\">N\u00e1v\u0161t\u011bva student\u016f S\u0160 pro sluchov\u011b posti\u017een\u00e9<\/h2>\u00fanor 2025<\/div><\/div><div class=\"flip-box-back\"><div class=\"flip-box-back-inner\"><h3 class=\"flip-box-heading-back\">N\u00e1v\u0161t\u011bva student\u016f S\u0160 pro sluchov\u011b posti\u017een\u00e9<\/h3>\n<div dir=\"auto\">Do polabinsk\u00e9 pobo\u010dky Klasu dnes zav\u00edtali studenti St\u0159edn\u00ed pedagogick\u00e9 \u0161koly pro sluchov\u011b posti\u017een\u00e9 z HK. S d\u011btmi z mate\u0159sk\u00e9 \u0161koly a se t\u0159e\u0165\u00e1ky a \u010dtvr\u0165\u00e1ky si spole\u010dn\u011b pov\u00eddali, \u010detli, hr\u00e1li a u\u010dili se.<\/div>\n<div dir=\"auto\"><a href=\"https:\/\/youtu.be\/I_v06MuEulQ?si=At2EqoiHYfoNuuAC\">Video zde.<\/a><\/div>\n<div dir=\"auto\"><\/div>\n<\/div><\/div><\/div><\/div><\/div><div class=\"fusion-flip-box-wrapper fusion-column col-lg-4 col-md-4 col-sm-4\"><div class=\"fusion-flip-box flip-right\" tabindex=\"0\"><div class=\"flip-box-inner-wrapper\"><div class=\"flip-box-front\"><div class=\"flip-box-front-inner\"><div class=\"flip-box-grafix flip-box-image\"><img decoding=\"async\" src=\"http:\/\/skolaklas.cz\/wp-content\/uploads\/2025\/01\/lyzak03-300x225.jpg\" width=\"300\" height=\"225\" alt=\"\" \/><\/div><h2 class=\"flip-box-heading\">Ly\u017ea\u0159sk\u00fd pobyt v Krkono\u0161\u00edch<\/h2>leden 2025<\/div><\/div><div class=\"flip-box-back\"><div class=\"flip-box-back-inner\"><h3 class=\"flip-box-heading-back\">Ly\u017ea\u0159sk\u00fd pobyt v Krkono\u0161\u00edch<\/h3>\n<p>V lednu 2025 odjela v\u00fdprava nejmen\u0161\u00edch \u017e\u00e1k\u016f na ly\u017ea\u0159sk\u00fd pobyt do Krkono\u0161. Skv\u011blou z\u00e1kladnu m\u011bli v penzionu \u010cernava (<a href=\"http:\/\/www.cernava.eu\/\">http:\/\/www.cernava.eu\/<\/a>), za jeho\u017e poskytnut\u00ed d\u011bkujeme sp\u0159\u00edzn\u011bn\u00fdm rodi\u010d\u016fm!<\/p>\n<p>Po\u010das\u00ed se vyda\u0159ilo, u\u010ditel\u00e9-ly\u017ea\u0159i byli ve skv\u011bl\u00e9 form\u011b, a tak se ly\u017eovat nau\u010dili v\u0161ichni od prv\u0148\u00e1k\u016f a\u017e po sedm\u00e1ky.<\/p>\n<\/div><\/div><\/div><\/div><\/div><div class=\"fusion-flip-box-wrapper fusion-column col-lg-4 col-md-4 col-sm-4\"><div class=\"fusion-flip-box flip-right\" tabindex=\"0\"><div class=\"flip-box-inner-wrapper\"><div class=\"flip-box-front\"><div class=\"flip-box-front-inner\"><div class=\"flip-box-grafix flip-box-image\"><img decoding=\"async\" src=\"http:\/\/skolaklas.cz\/wp-content\/uploads\/2025\/01\/ua-vanoce-300x225.jpg\" width=\"300\" height=\"225\" alt=\"\" \/><\/div><h2 class=\"flip-box-heading\">12 j\u00eddel ukrajinsk\u00fdch V\u00e1noc<\/h2>prosinec 2024<\/div><\/div><div class=\"flip-box-back\"><div class=\"flip-box-back-inner\"><h3 class=\"flip-box-heading-back\">12 j\u00eddel ukrajinsk\u00fdch V\u00e1noc<\/h3>\n<p>Ukrajin\u0161t\u00ed dev\u00e1\u0165\u00e1ci z na\u0161\u00ed pobo\u010dky v Polabin\u00e1ch v p\u00e1tek 20. prosince p\u0159edstavili \u017e\u00e1k\u016fm rosick\u00e9 \u0161koly svou v\u00e1no\u010dn\u00ed tradici: Sami p\u0159ipravili a p\u0159inesli ochutnat 12 j\u00eddel sv\u00e9ho v\u00e1no\u010dn\u00edho slavnostn\u00edho stolu, kter\u00e1 symbolizuj\u00ed 12 m\u011bs\u00edc\u016f nadch\u00e1zej\u00edc\u00edho roku. Okusit mohli v\u0161ichni \u017e\u00e1ci i u\u010ditel\u00e9, a i kdy\u017e j\u00eddla a chut\u011b jsou pro \u010cechy n\u011bkdy nezvykl\u00e9, ka\u017ed\u00fd si v nab\u00eddce na\u0161el to sv\u00e9.<\/p>\n<p>D\u011bkujeme za sd\u00edlen\u00ed slavnostn\u00ed zku\u0161enosti! Po n\u00ed jsme se roze\u0161li dom\u016f ka\u017ed\u00fd za sv\u00fdmi vlastn\u00edmi tradicemi a zah\u00e1jili jsme v\u00e1no\u010dn\u00ed pr\u00e1zdniny.<\/p>\n<\/div><\/div><\/div><\/div><\/div><div class=\"fusion-flip-box-wrapper fusion-column col-lg-4 col-md-4 col-sm-4\"><div class=\"fusion-flip-box flip-right\" tabindex=\"0\"><div class=\"flip-box-inner-wrapper\"><div class=\"flip-box-front\"><div class=\"flip-box-front-inner\"><div class=\"flip-box-grafix flip-box-image\"><img decoding=\"async\" src=\"http:\/\/skolaklas.cz\/wp-content\/uploads\/2024\/12\/IMG_0806-1-300x225.jpeg\" width=\"300\" height=\"225\" alt=\"\" \/><\/div><h2 class=\"flip-box-heading\">Dobroden II.A v denn\u00edm stacion\u00e1\u0159i pro seniory<\/h2>prosinec 2024<\/div><\/div><div class=\"flip-box-back\"><div class=\"flip-box-back-inner\"><h3 class=\"flip-box-heading-back\">Dobroden II.A v denn\u00edm stacion\u00e1\u0159i pro seniory<\/h3>\n<div class=\"x1e56ztr\" data-block=\"true\" data-editor=\"8uv6q\" data-offset-key=\"82r96-0-0\">\n<div class=\"_1mf _1mj\" data-offset-key=\"82r96-0-0\"><span data-offset-key=\"82r96-0-0\">Dne\u0161n\u00ed dobroden \u017e\u00e1k\u016f II.A v Domovince &#8211; denn\u00edm stacion\u00e1\u0159i pro klienty se sn\u00ed\u017eenou sob\u011bsta\u010dnost\u00ed, demenc\u00ed a Alzeimerovou nemoc\u00ed. D\u011bti <\/span><span data-offset-key=\"82r96-1-0\">p\u0159ij\u00ed\u017ed\u011bly<\/span><span data-offset-key=\"82r96-2-0\"> pln\u00e9 obav, brzy ale zjistily, \u017ee nejistota byla oboustrann\u00e1. Na\u0161t\u011bst\u00ed se brzy rozplynula: druh\u00e1\u010dci s J\u00e1jou si p\u0159ipravili lu\u0161t\u011bn\u00ed k\u0159\u00ed\u017eovek, pov\u00edd\u00e1n\u00ed i \u010dten\u00ed a senio\u0159i se do v\u0161ech aktivit pustili s neb\u00fdvalou chut\u00ed. V\u0161ichni pr\u00fd doslova &#8222;o\u017eili&#8220;. \ud83d\ude42<\/span><\/div>\n<\/div>\n<div class=\"x1e56ztr\" data-block=\"true\" data-editor=\"8uv6q\" data-offset-key=\"draj4-0-0\">\n<div class=\"_1mf _1mj\" data-offset-key=\"draj4-0-0\"><span data-offset-key=\"draj4-0-0\">Vz\u00e1jemn\u011b si p\u0159edali mal\u00e9 d\u00e1re\u010dky. Cenn\u011bj\u0161\u00ed ale jist\u011b pro v\u0161echny bylo obohacen\u00ed nehmotn\u00e9 &#8211; ze setk\u00e1n\u00ed, pozn\u00e1v\u00e1n\u00ed, spole\u010dn\u011b pro\u017eit\u00e9ho \u010dasu.<\/span><\/div>\n<\/div>\n<\/div><\/div><\/div><\/div><\/div><div class=\"fusion-flip-box-wrapper fusion-column col-lg-4 col-md-4 col-sm-4\"><div class=\"fusion-flip-box flip-right\" tabindex=\"0\"><div class=\"flip-box-inner-wrapper\"><div class=\"flip-box-front\"><div class=\"flip-box-front-inner\"><div class=\"flip-box-grafix flip-box-image\"><img decoding=\"async\" src=\"http:\/\/skolaklas.cz\/wp-content\/uploads\/2025\/01\/IMG_7904-e1736499054725-274x300.jpeg\" width=\"274\" height=\"300\" alt=\"\" \/><\/div><h2 class=\"flip-box-heading\">\u0160achov\u00fd turnaj<\/h2>prosinec 2024<\/div><\/div><div class=\"flip-box-back\"><div class=\"flip-box-back-inner\"><h3 class=\"flip-box-heading-back\">\u0160achov\u00fd turnaj<\/h3>\n<p>\u017d\u00e1ci VIII.A p\u0159ipravili pro z\u00e1jemce z cel\u00e9 \u0161koly \u0161achov\u00fd turnaj. Zajistili fundovan\u00e9ho rozhod\u010d\u00edho, kter\u00fd bedliv\u011b st\u0159e\u017eil n\u00e1ro\u010dn\u00e1 pravidla; fair play si hr\u00e1\u010di hl\u00eddali sami a da\u0159ilo se jim. V\u00edce ne\u017e 30 \u00fa\u010dastn\u00edk\u016f z\u00e1pasilo skoro 4 hodiny a atmosf\u00e9ra spojila \u017e\u00e1ky r\u016fzn\u00fdch jazyk\u016f, v\u011bku i pohlav\u00ed.<\/p>\n<p>Gratulace v\u00edt\u011bz\u016fm &#8211; Markovi, Andrijovi a Maxovi &#8211; a \u010dest v\u0161em, kdo hr\u00e1li!<\/p>\n<\/div><\/div><\/div><\/div><\/div><div class=\"fusion-flip-box-wrapper fusion-column col-lg-4 col-md-4 col-sm-4\"><div class=\"fusion-flip-box flip-right\" tabindex=\"0\"><div class=\"flip-box-inner-wrapper\"><div class=\"flip-box-front\"><div class=\"flip-box-front-inner\"><div class=\"flip-box-grafix flip-box-image\"><img decoding=\"async\" src=\"http:\/\/skolaklas.cz\/wp-content\/uploads\/2024\/12\/free-club-e1736499240881-272x300.jpg\" width=\"272\" height=\"300\" alt=\"\" \/><\/div><h2 class=\"flip-box-heading\">Dobroden VI. a VII.A ve Free clubu v Pardubic\u00edch<\/h2>prosinec 2024<\/div><\/div><div class=\"flip-box-back\"><div class=\"flip-box-back-inner\"><h3 class=\"flip-box-heading-back\">Dobroden VI. a VII.A ve Free clubu v Pardubic\u00edch<\/h3>\n<p>Ve \u010dtvrtek 18. prosince spole\u010dn\u011b vyrazila VI.A a VII.A do NZDM-Free klubu. \u017d\u00e1ci mezi sebou vybrali pen\u00edze, za kter\u00e9 nakoupili stoln\u00ed a karetn\u00ed hry pro d\u011bti a ml\u00e1de\u017e do n\u00edzkoprahov\u00e9ho centra. Soci\u00e1ln\u00ed pracovnice moc d\u011bkovaly, proto\u017ee se jim je\u0161t\u011b nestalo, aby n\u011bkdo dobrovoln\u011b p\u0159isp\u011bl hmotn\u00fdm darem. P\u0159edstavily \u017e\u00e1k\u016fm klub a jeho mo\u017enosti a i na\u0161i \u0161es\u0165\u00e1ci a sedm\u00e1ci si mohli vyzkou\u0161et dostupn\u00e9 aktivity jako t\u0159eba p\u00e9\u010di o mor\u010data.<\/p>\n<p><a href=\"http:\/\/skolaklas.cz\/wp-content\/uploads\/2024\/12\/free-club-2-e1736502790396.jpg\"><img decoding=\"async\" class=\"alignnone size-medium wp-image-2693\" src=\"http:\/\/skolaklas.cz\/wp-content\/uploads\/2024\/12\/free-club-2-e1736502790396-300x232.jpg\" alt=\"\" width=\"300\" height=\"232\" srcset=\"https:\/\/skolaklas.cz\/wp-content\/uploads\/2024\/12\/free-club-2-e1736502790396-200x154.jpg 200w, https:\/\/skolaklas.cz\/wp-content\/uploads\/2024\/12\/free-club-2-e1736502790396-300x232.jpg 300w, https:\/\/skolaklas.cz\/wp-content\/uploads\/2024\/12\/free-club-2-e1736502790396-400x309.jpg 400w, https:\/\/skolaklas.cz\/wp-content\/uploads\/2024\/12\/free-club-2-e1736502790396-600x463.jpg 600w, https:\/\/skolaklas.cz\/wp-content\/uploads\/2024\/12\/free-club-2-e1736502790396-768x593.jpg 768w, https:\/\/skolaklas.cz\/wp-content\/uploads\/2024\/12\/free-club-2-e1736502790396-800x618.jpg 800w, https:\/\/skolaklas.cz\/wp-content\/uploads\/2024\/12\/free-club-2-e1736502790396-1024x791.jpg 1024w, https:\/\/skolaklas.cz\/wp-content\/uploads\/2024\/12\/free-club-2-e1736502790396-1200x927.jpg 1200w, https:\/\/skolaklas.cz\/wp-content\/uploads\/2024\/12\/free-club-2-e1736502790396.jpg 1534w\" sizes=\"(max-width: 300px) 100vw, 300px\" \/><\/a><\/p>\n<\/div><\/div><\/div><\/div><\/div><div class=\"fusion-flip-box-wrapper fusion-column col-lg-4 col-md-4 col-sm-4\"><div class=\"fusion-flip-box flip-right\" tabindex=\"0\"><div class=\"flip-box-inner-wrapper\"><div class=\"flip-box-front\"><div class=\"flip-box-front-inner\"><div class=\"flip-box-grafix flip-box-image\"><img decoding=\"async\" src=\"http:\/\/skolaklas.cz\/wp-content\/uploads\/2025\/01\/Mikulas-300x182.jpg\" width=\"300\" height=\"182\" alt=\"\" \/><\/div><h2 class=\"flip-box-heading\">Mikul\u00e1\u0161 \u010desko-ukrajinsk\u00fd<\/h2>prosinec 2024<\/div><\/div><div class=\"flip-box-back\"><div class=\"flip-box-back-inner\"><h3 class=\"flip-box-heading-back\">Mikul\u00e1\u0161 \u010desko-ukrajinsk\u00fd<\/h3>\n<p>Letos jsme na\u0161e Mikul\u00e1\u0161e a jejich dru\u017einy mali\u010dko prohodili. Zat\u00edmco ten \u010desk\u00fd z Rosic zam\u00ed\u0159il za na\u0161imi ukrajinsk\u00fdmi \u017e\u00e1ky do Polabin a sezn\u00e1mil je s \u010deskou tradic\u00ed, ten ukrajinsk\u00fd zav\u00edtal do Rosic, aby p\u0159edvedl tradici sv\u00e9 zem\u011b. Prost\u011b multikulturalita, kterou my \u017eijeme ka\u017ed\u00fd den.<\/p>\n<p><a href=\"http:\/\/skolaklas.cz\/wp-content\/uploads\/2025\/01\/mikulas2-e1736499997377.jpg\"><img decoding=\"async\" class=\"alignnone size-medium wp-image-2727\" src=\"http:\/\/skolaklas.cz\/wp-content\/uploads\/2025\/01\/mikulas2-e1736499997377-300x167.jpg\" alt=\"\" width=\"300\" height=\"167\" srcset=\"https:\/\/skolaklas.cz\/wp-content\/uploads\/2025\/01\/mikulas2-e1736499997377-200x112.jpg 200w, https:\/\/skolaklas.cz\/wp-content\/uploads\/2025\/01\/mikulas2-e1736499997377-300x167.jpg 300w, https:\/\/skolaklas.cz\/wp-content\/uploads\/2025\/01\/mikulas2-e1736499997377-400x223.jpg 400w, https:\/\/skolaklas.cz\/wp-content\/uploads\/2025\/01\/mikulas2-e1736499997377-600x335.jpg 600w, https:\/\/skolaklas.cz\/wp-content\/uploads\/2025\/01\/mikulas2-e1736499997377-768x428.jpg 768w, https:\/\/skolaklas.cz\/wp-content\/uploads\/2025\/01\/mikulas2-e1736499997377-800x446.jpg 800w, https:\/\/skolaklas.cz\/wp-content\/uploads\/2025\/01\/mikulas2-e1736499997377-1024x571.jpg 1024w, https:\/\/skolaklas.cz\/wp-content\/uploads\/2025\/01\/mikulas2-e1736499997377-1200x669.jpg 1200w, https:\/\/skolaklas.cz\/wp-content\/uploads\/2025\/01\/mikulas2-e1736499997377-1536x856.jpg 1536w, https:\/\/skolaklas.cz\/wp-content\/uploads\/2025\/01\/mikulas2-e1736499997377.jpg 1600w\" sizes=\"(max-width: 300px) 100vw, 300px\" \/><\/a><\/p>\n<\/div><\/div><\/div><\/div><\/div><div class=\"fusion-flip-box-wrapper fusion-column col-lg-4 col-md-4 col-sm-4\"><div class=\"fusion-flip-box flip-right\" tabindex=\"0\"><div class=\"flip-box-inner-wrapper\"><div class=\"flip-box-front\"><div class=\"flip-box-front-inner\"><div class=\"flip-box-grafix flip-box-image\"><img decoding=\"async\" src=\"http:\/\/skolaklas.cz\/wp-content\/uploads\/2025\/01\/erika-300x189.png\" width=\"300\" height=\"189\" alt=\"\" \/><\/div><h2 class=\"flip-box-heading\">Jak zvl\u00e1d\u00e1me za\u010dle\u0148ov\u00e1n\u00ed ukrajinsk\u00fdch d\u011bt\u00ed?<\/h2>listopad 2024<\/div><\/div><div class=\"flip-box-back\"><div class=\"flip-box-back-inner\"><h3 class=\"flip-box-heading-back\">Jak zvl\u00e1d\u00e1me za\u010dle\u0148ov\u00e1n\u00ed ukrajinsk\u00fdch d\u011bt\u00ed?<\/h3>\n<p>\u010casto se pt\u00e1te, jak funguje pobo\u010dka KLASu v Polabin\u00e1ch, kde se aktu\u00e1ln\u011b vzd\u011bl\u00e1v\u00e1 kolem 100 \u017e\u00e1k\u016f z Ukrajiny rozd\u011blen\u00fdch do 7 t\u0159\u00edd. Vzd\u011bl\u00e1v\u00e1n\u00edm je prov\u00e1d\u00ed neuv\u011b\u0159iteln\u011b pracovit\u00fd a semknut\u00fd t\u00fdm 15 u\u010ditel\u016f, 2 asistent\u016f, soci\u00e1ln\u00ed pracovnice, logopedky a 2 ukl\u00edze\u010dek pod veden\u00edm Kl\u00e1ry Svobodov\u00e9, majitelky a zakladatelky Klasu. D\u011bti nep\u0159est\u00e1vaj\u00ed p\u0159ich\u00e1zet, ty nov\u00e9 \u010dasto s v\u011bt\u0161\u00edmi traumaty ne\u017e ty p\u0159ed nimi. No, nen\u00ed to lehk\u00e9. Krom\u011b v\u00fduky a v\u00fdchovy to pro u\u010ditele znamen\u00e1 i hodiny str\u00e1ven\u00e9 s rodi\u010di \u017e\u00e1k\u016f, poradenstv\u00ed o dostupn\u00fdch slu\u017eb\u00e1ch v \u010cR, hled\u00e1n\u00ed terapeut\u016f nebo psycholog\u016f, dopro\u0161ov\u00e1n\u00ed se u d\u011btsk\u00fdch l\u00e9ka\u0159\u016f, o\u010da\u0159\u016f, zuba\u0159\u016f, pomoc s hled\u00e1n\u00edm st\u0159edn\u00ed \u0161koly a prov\u00e1zen\u00ed syst\u00e9mem p\u0159ihl\u00e1\u0161ek, p\u00e1tr\u00e1n\u00ed po voln\u00fdch kapacit\u00e1ch v pardubick\u00fdch z\u00e1kladk\u00e1ch&#8230;<\/p>\n<p>Ale v\u00fdsledky jsou snad u\u017e i vid\u011bt: M\u011bli jsme tu \u010dest, \u017ee si n\u00e1s M\u0160MT a UNICEF vybraly jako jeden z p\u0159\u00edklad\u016f dobr\u00e9 praxe o za\u010dle\u0148ov\u00e1n\u00ed ukrajinsk\u00fdch d\u011bt\u00ed. Zde je v\u00fdstup nat\u00e1\u010den\u00ed, kter\u00e9 prob\u00edhalo na podzim v obou \u010d\u00e1stech Klasu a v Z\u0160 Vod\u0148any.<\/p>\n<p><a href=\"https:\/\/youtu.be\/4Rpm_8aWSQI?si=nltKjIqBiXtPLLvL\">https:\/\/youtu.be\/4Rpm_8aWSQI?si=nltKjIqBiXtPLLvL<\/a><\/p>\n<\/div><\/div><\/div><\/div><\/div><div class=\"fusion-flip-box-wrapper fusion-column col-lg-4 col-md-4 col-sm-4\"><div class=\"fusion-flip-box flip-right\" tabindex=\"0\"><div class=\"flip-box-inner-wrapper\"><div class=\"flip-box-front\"><div class=\"flip-box-front-inner\"><div class=\"flip-box-grafix flip-box-image\"><img decoding=\"async\" src=\"http:\/\/skolaklas.cz\/wp-content\/uploads\/2025\/01\/veterani-225x300.jpg\" width=\"225\" height=\"300\" alt=\"\" \/><\/div><h2 class=\"flip-box-heading\">Den v\u00e1le\u010dn\u00fdch veter\u00e1n\u016f<\/h2>listopad 2024<\/div><\/div><div class=\"flip-box-back\"><div class=\"flip-box-back-inner\"><h3 class=\"flip-box-heading-back\">Den v\u00e1le\u010dn\u00fdch veter\u00e1n\u016f<\/h3>\n<div dir=\"auto\">11. 11. 2024 \u017e\u00e1ci II., III., IV., VI. a VII. t\u0159\u00eddy podpo\u0159ili Den v\u00e1le\u010dn\u00fdch veter\u00e1n\u016f (<span class=\"html-span xdj266r x11i5rnm xat24cr x1mh8g0r xexx8yu x4uap5 x18d9i69 xkhd6sd x1hl2dhg x16tdsg8 x1vvkbs\"><a class=\"x1i10hfl xjbqb8w x1ejq31n xd10rxx x1sy0etr x17r0tee x972fbf xcfux6l x1qhh985 xm0m39n x9f619 x1ypdohk xt0psk2 xe8uvvx xdj266r x11i5rnm xat24cr x1mh8g0r xexx8yu x4uap5 x18d9i69 xkhd6sd x16tdsg8 x1hl2dhg xggy1nq x1a2a7pz x1sur9pj xkrqix3 x1fey0fg x1s688f\" tabindex=\"0\" role=\"link\" href=\"https:\/\/denveteranu.cz\/?fbclid=IwZXh0bgNhZW0CMTAAAR1KezBU9rJJTzYkQEOqcqYxvKWhsqEIkYqD0Xqsfg4AI14tNmF_kw1kjLc_aem_uO7Cl_u4HBDCAUNfCy2r3Q\" target=\"_blank\" rel=\"nofollow noopener noreferrer\">https:\/\/denveteranu.cz\/<\/a><\/span>) t\u00edm, \u017ee pomohli s finan\u010dn\u00ed sb\u00edrkou. Men\u0161\u00ed t\u00fdmy slo\u017een\u00e9 z \u017e\u00e1k\u016f obou pobo\u010dek \u0161koly vybraly opravdu hodn\u011b pen\u011bz &#8211; lid\u00e9 byli \u0161t\u011bd\u0159\u00ed a k \u017e\u00e1k\u016fm se chovali vst\u0159\u00edcn\u011b, za to dostali kv\u011bt vl\u010d\u00edho m\u00e1ku, symbol cel\u00e9 sb\u00edrky.\u00a0Reflexi druh\u00e1\u010dk\u016f si m\u016f\u017eete prohl\u00e9dnout na fotk\u00e1ch.<\/div>\n<div dir=\"auto\"><a href=\"http:\/\/skolaklas.cz\/wp-content\/uploads\/2025\/01\/veterani2-e1736502876373.jpg\"><img decoding=\"async\" class=\"alignnone size-medium wp-image-2732\" src=\"http:\/\/skolaklas.cz\/wp-content\/uploads\/2025\/01\/veterani2-e1736502876373-300x159.jpg\" alt=\"\" width=\"300\" height=\"159\" srcset=\"https:\/\/skolaklas.cz\/wp-content\/uploads\/2025\/01\/veterani2-e1736502876373-200x106.jpg 200w, https:\/\/skolaklas.cz\/wp-content\/uploads\/2025\/01\/veterani2-e1736502876373-300x159.jpg 300w, https:\/\/skolaklas.cz\/wp-content\/uploads\/2025\/01\/veterani2-e1736502876373-400x212.jpg 400w, https:\/\/skolaklas.cz\/wp-content\/uploads\/2025\/01\/veterani2-e1736502876373-600x318.jpg 600w, https:\/\/skolaklas.cz\/wp-content\/uploads\/2025\/01\/veterani2-e1736502876373-768x407.jpg 768w, https:\/\/skolaklas.cz\/wp-content\/uploads\/2025\/01\/veterani2-e1736502876373-800x424.jpg 800w, https:\/\/skolaklas.cz\/wp-content\/uploads\/2025\/01\/veterani2-e1736502876373-1024x543.jpg 1024w, https:\/\/skolaklas.cz\/wp-content\/uploads\/2025\/01\/veterani2-e1736502876373-1200x636.jpg 1200w, https:\/\/skolaklas.cz\/wp-content\/uploads\/2025\/01\/veterani2-e1736502876373-1536x814.jpg 1536w, https:\/\/skolaklas.cz\/wp-content\/uploads\/2025\/01\/veterani2-e1736502876373.jpg 2048w\" sizes=\"(max-width: 300px) 100vw, 300px\" \/> <\/a><a href=\"http:\/\/skolaklas.cz\/wp-content\/uploads\/2025\/01\/veterani3-e1736502942942.jpg\"><img decoding=\"async\" class=\"alignnone wp-image-2731\" src=\"http:\/\/skolaklas.cz\/wp-content\/uploads\/2025\/01\/veterani3-e1736502942942-300x252.jpg\" alt=\"\" width=\"189\" height=\"159\" srcset=\"https:\/\/skolaklas.cz\/wp-content\/uploads\/2025\/01\/veterani3-e1736502942942-200x168.jpg 200w, https:\/\/skolaklas.cz\/wp-content\/uploads\/2025\/01\/veterani3-e1736502942942-300x252.jpg 300w, https:\/\/skolaklas.cz\/wp-content\/uploads\/2025\/01\/veterani3-e1736502942942-400x336.jpg 400w, https:\/\/skolaklas.cz\/wp-content\/uploads\/2025\/01\/veterani3-e1736502942942-600x504.jpg 600w, https:\/\/skolaklas.cz\/wp-content\/uploads\/2025\/01\/veterani3-e1736502942942-768x645.jpg 768w, https:\/\/skolaklas.cz\/wp-content\/uploads\/2025\/01\/veterani3-e1736502942942-800x672.jpg 800w, https:\/\/skolaklas.cz\/wp-content\/uploads\/2025\/01\/veterani3-e1736502942942-1024x860.jpg 1024w, https:\/\/skolaklas.cz\/wp-content\/uploads\/2025\/01\/veterani3-e1736502942942-1200x1008.jpg 1200w, https:\/\/skolaklas.cz\/wp-content\/uploads\/2025\/01\/veterani3-e1736502942942.jpg 1536w\" sizes=\"(max-width: 189px) 100vw, 189px\" \/><\/a><\/div>\n<\/div><\/div><\/div><\/div><\/div><div class=\"fusion-flip-box-wrapper fusion-column col-lg-4 col-md-4 col-sm-4\"><div class=\"fusion-flip-box flip-right\" tabindex=\"0\"><div class=\"flip-box-inner-wrapper\"><div class=\"flip-box-front\"><div class=\"flip-box-front-inner\"><div class=\"flip-box-grafix flip-box-image\"><img decoding=\"async\" src=\"http:\/\/skolaklas.cz\/wp-content\/uploads\/2025\/01\/maca2-300x173.png\" width=\"300\" height=\"173\" alt=\"\" \/><\/div><h2 class=\"flip-box-heading\">V\u00edt\u011bzstv\u00ed ve v\u00fdtvarn\u00e9 sout\u011b\u017ei<\/h2>listopad 2024<\/div><\/div><div class=\"flip-box-back\"><div class=\"flip-box-back-inner\"><h3 class=\"flip-box-heading-back\">V\u00edt\u011bzstv\u00ed ve v\u00fdtvarn\u00e9 sout\u011b\u017ei<\/h3>\n<div class=\"xdj266r x11i5rnm xat24cr x1mh8g0r x1vvkbs x126k92a\">\n<div dir=\"auto\">22. listopadu vyrazili na\u0161i \u017e\u00e1ci do Prahy do prostor Zastupitelstva Evropsk\u00e9 komise. Pro\u010d? Aby tam p\u0159evzali prvn\u00ed cenu za kolektivn\u00ed pr\u00e1ci v sout\u011b\u017ei V\u00edcejazy\u010dnost je bohatstv\u00ed, jej\u00ed\u017e leto\u0161n\u00edm t\u00e9matem bylo Sport spojuje. Spole\u010dn\u011b se svou u\u010ditelkou Macarenou Barrou \u017e\u00e1ci 6.-9. ro\u010dn\u00edku vytvo\u0159ili fantastickou malbu na toto t\u00e9ma na st\u011bnu \u0161koln\u00edho dvorku. Posu\u010fte sami.<\/div>\n<div dir=\"auto\">V \u010dase od 2.59 jsou v p\u0159\u00edm\u00e9m z\u00e1b\u011bru na\u0161e d\u011bti p\u0159i p\u0159ed\u00e1v\u00e1n\u00ed cen.<\/div>\n<div dir=\"auto\"><span class=\"html-span xdj266r x11i5rnm xat24cr x1mh8g0r xexx8yu x4uap5 x18d9i69 xkhd6sd x1hl2dhg x16tdsg8 x1vvkbs\"><a class=\"x1i10hfl xjbqb8w x1ejq31n xd10rxx x1sy0etr x17r0tee x972fbf xcfux6l x1qhh985 xm0m39n x9f619 x1ypdohk xt0psk2 xe8uvvx xdj266r x11i5rnm xat24cr x1mh8g0r xexx8yu x4uap5 x18d9i69 xkhd6sd x16tdsg8 x1hl2dhg xggy1nq x1a2a7pz x1sur9pj xkrqix3 x1fey0fg x1s688f\" tabindex=\"0\" role=\"link\" href=\"https:\/\/www.youtube.com\/watch?v=SV5-I-zHMIo&amp;t=121s&amp;fbclid=IwZXh0bgNhZW0CMTAAAR2wIwuA3ILn_eKuwx_dS7Kk2MAj_CHzErlA2BU4MUvcuQWguAUsBobHpnI_aem_UD1-rHULR88o99MktD3hHw\" target=\"_blank\" rel=\"nofollow noopener noreferrer\">https:\/\/www.youtube.com\/watch?v=SV5-I-zHMIo&amp;t=121s<\/a><\/span><\/div>\n<\/div>\n<div class=\"x11i5rnm xat24cr x1mh8g0r x1vvkbs xtlvy1s x126k92a\">\n<div dir=\"auto\">Jak \u017e\u00e1ci d\u00edlo tvo\u0159ili?<\/div>\n<div dir=\"auto\"><span class=\"html-span xdj266r x11i5rnm xat24cr x1mh8g0r xexx8yu x4uap5 x18d9i69 xkhd6sd x1hl2dhg x16tdsg8 x1vvkbs\"><a class=\"x1i10hfl xjbqb8w x1ejq31n xd10rxx x1sy0etr x17r0tee x972fbf xcfux6l x1qhh985 xm0m39n x9f619 x1ypdohk xt0psk2 xe8uvvx xdj266r x11i5rnm xat24cr x1mh8g0r xexx8yu x4uap5 x18d9i69 xkhd6sd x16tdsg8 x1hl2dhg xggy1nq x1a2a7pz x1sur9pj xkrqix3 x1fey0fg x1s688f\" tabindex=\"0\" role=\"link\" href=\"https:\/\/l.facebook.com\/l.php?u=https%3A%2F%2Fwww.youtube.com%2Fwatch%3Fv%3Dhh7Io1OzL5k%26fbclid%3DIwZXh0bgNhZW0CMTAAAR0BQ7DstQCtzqrag38g4xjmGnwiEb6RK6CE6VvtnOhFloKsMHfEdNFkyCg_aem_DyY5xooeutX2fL8zQ1S9gw&amp;h=AT0DZiPRwn6hO2_NCrIyLraab7uq9CsLptPBLIojMjQBID9ltYKNXh2Q5n1UQr94sXybBS1eMVPK9xNJ0uQ8Mdne9lrBoC0TMVXTx4LnZtKJzOG7j8jMF_GSYgQY-eETI_8a&amp;__tn__=-UK-R&amp;c&#091;0&#093;=AT1p8EVrlQUVGelvASNat7dkG6OJsxqHKoJVXmpAp_OfFhnEW25QJYXZ5bna6RaEEc1NZoEqoKElTJaWtyi9FbrftwXXrU6SHzk__C3Sl7umPw42bIG6sgrlRRE_E7UzKpH2OV8kIunSAFE15pgGb6caIVv1uTrEeGYUErh6qb8-hsGF59bkdutciwUpBRDjwAe34QSP6A-tfYwMsTo1c5bUYbY\" target=\"_blank\" rel=\"nofollow noopener noreferrer\">https:\/\/www.youtube.com\/watch?v=hh7Io1OzL5k<\/a><\/span><\/div>\n<div dir=\"auto\"><\/div>\n<\/div>\n<\/div><\/div><\/div><\/div><\/div><div class=\"fusion-flip-box-wrapper fusion-column col-lg-4 col-md-4 col-sm-4\"><div class=\"fusion-flip-box flip-right\" tabindex=\"0\"><div class=\"flip-box-inner-wrapper\"><div class=\"flip-box-front\"><div class=\"flip-box-front-inner\"><div class=\"flip-box-grafix flip-box-image\"><img decoding=\"async\" src=\"http:\/\/skolaklas.cz\/wp-content\/uploads\/2025\/01\/cukr-300x225.jpg\" width=\"300\" height=\"225\" alt=\"\" \/><\/div><h2 class=\"flip-box-heading\">Kolik cukru je moc cukru?<\/h2>\u0159\u00edjen 2024<\/div><\/div><div class=\"flip-box-back\"><div class=\"flip-box-back-inner\"><h3 class=\"flip-box-heading-back\">Kolik cukru je moc cukru?<\/h3>\n<p>\u017d\u00e1ci IV.A p\u0159ipravili pro ostatn\u00ed &#8222;infografiku&#8220; o mno\u017estv\u00ed cukru v potravin\u00e1ch, kter\u00e9 v\u011bt\u0161ina z n\u00e1s konzumuje. Gramy p\u0159epo\u010d\u00edtali na kostky cukru a vizualizovali, aby byla informace srozumiteln\u00e1 pro v\u0161echny. V\u011bd\u011bli jste t\u0159eba, \u017ee v dvoulitrov\u00e9 l\u00e1hvi Coca-coly je 73 kostek?<\/p>\n<p><a href=\"http:\/\/skolaklas.cz\/wp-content\/uploads\/2025\/01\/cukr2-e1736501811143.jpg\"><img decoding=\"async\" class=\"alignnone size-medium wp-image-2736\" src=\"http:\/\/skolaklas.cz\/wp-content\/uploads\/2025\/01\/cukr2-e1736501811143-237x300.jpg\" alt=\"\" width=\"237\" height=\"300\" srcset=\"https:\/\/skolaklas.cz\/wp-content\/uploads\/2025\/01\/cukr2-e1736501811143-200x253.jpg 200w, https:\/\/skolaklas.cz\/wp-content\/uploads\/2025\/01\/cukr2-e1736501811143-237x300.jpg 237w, https:\/\/skolaklas.cz\/wp-content\/uploads\/2025\/01\/cukr2-e1736501811143-400x507.jpg 400w, https:\/\/skolaklas.cz\/wp-content\/uploads\/2025\/01\/cukr2-e1736501811143-600x760.jpg 600w, https:\/\/skolaklas.cz\/wp-content\/uploads\/2025\/01\/cukr2-e1736501811143-768x973.jpg 768w, https:\/\/skolaklas.cz\/wp-content\/uploads\/2025\/01\/cukr2-e1736501811143-800x1013.jpg 800w, https:\/\/skolaklas.cz\/wp-content\/uploads\/2025\/01\/cukr2-e1736501811143-809x1024.jpg 809w, https:\/\/skolaklas.cz\/wp-content\/uploads\/2025\/01\/cukr2-e1736501811143-1200x1520.jpg 1200w, https:\/\/skolaklas.cz\/wp-content\/uploads\/2025\/01\/cukr2-e1736501811143-1213x1536.jpg 1213w, https:\/\/skolaklas.cz\/wp-content\/uploads\/2025\/01\/cukr2-e1736501811143.jpg 1536w\" sizes=\"(max-width: 237px) 100vw, 237px\" \/><\/a><\/p>\n<\/div><\/div><\/div><\/div><\/div><div class=\"fusion-flip-box-wrapper fusion-column col-lg-4 col-md-4 col-sm-4\"><div class=\"fusion-flip-box flip-right\" tabindex=\"0\"><div class=\"flip-box-inner-wrapper\"><div class=\"flip-box-front\"><div class=\"flip-box-front-inner\"><div class=\"flip-box-grafix flip-box-image\"><img decoding=\"async\" src=\"http:\/\/skolaklas.cz\/wp-content\/uploads\/2025\/01\/halloween4-225x300.jpg\" width=\"225\" height=\"300\" alt=\"\" \/><\/div><h2 class=\"flip-box-heading\">Halloween - Dia de los muertos - Du\u0161i\u010dky<\/h2>\u0159\u00edjen 2024<\/div><\/div><div class=\"flip-box-back\"><div class=\"flip-box-back-inner\"><h3 class=\"flip-box-heading-back\">Halloween - Dia de los muertos - Du\u0161i\u010dky<\/h3>\n<p>N\u011bkdy se to tak sejde, \u017ee tradice r\u016fzn\u00fdch kultur maj\u00ed stejn\u00fd z\u00e1klad. A tak jsme si letos spojili Dia de los muertos s Halloweenem a \u010desk\u00fdmi Du\u0161i\u010dkami: ve stra\u0161ideln\u00fdch kost\u00fdmech jsme cel\u00fd den p\u0159ipravovali r\u016fzn\u00e9 dobroty, malovali si na obli\u010dej a vymalov\u00e1vali tradi\u010dn\u00ed muertos masky, abychom si k ve\u010deru p\u0159ipravili lampiony a v padaj\u00edc\u00ed tm\u011b se vypravili pr\u016fvodem ke keltsk\u00e9mu ohni.<\/p>\n<p><a href=\"http:\/\/skolaklas.cz\/wp-content\/uploads\/2025\/01\/halloween3.jpg\"><img decoding=\"async\" class=\"alignnone size-medium wp-image-2739\" src=\"http:\/\/skolaklas.cz\/wp-content\/uploads\/2025\/01\/halloween3-300x225.jpg\" alt=\"\" width=\"300\" height=\"225\" srcset=\"https:\/\/skolaklas.cz\/wp-content\/uploads\/2025\/01\/halloween3-200x150.jpg 200w, https:\/\/skolaklas.cz\/wp-content\/uploads\/2025\/01\/halloween3-300x225.jpg 300w, https:\/\/skolaklas.cz\/wp-content\/uploads\/2025\/01\/halloween3-400x300.jpg 400w, https:\/\/skolaklas.cz\/wp-content\/uploads\/2025\/01\/halloween3-600x450.jpg 600w, https:\/\/skolaklas.cz\/wp-content\/uploads\/2025\/01\/halloween3-768x576.jpg 768w, https:\/\/skolaklas.cz\/wp-content\/uploads\/2025\/01\/halloween3-800x600.jpg 800w, https:\/\/skolaklas.cz\/wp-content\/uploads\/2025\/01\/halloween3-1024x768.jpg 1024w, https:\/\/skolaklas.cz\/wp-content\/uploads\/2025\/01\/halloween3-1200x900.jpg 1200w, https:\/\/skolaklas.cz\/wp-content\/uploads\/2025\/01\/halloween3-1536x1152.jpg 1536w, https:\/\/skolaklas.cz\/wp-content\/uploads\/2025\/01\/halloween3.jpg 2048w\" sizes=\"(max-width: 300px) 100vw, 300px\" \/><\/a><\/p>\n<\/div><\/div><\/div><\/div><\/div><div class=\"fusion-flip-box-wrapper fusion-column col-lg-4 col-md-4 col-sm-4\"><div class=\"fusion-flip-box flip-right\" tabindex=\"0\"><div class=\"flip-box-inner-wrapper\"><div class=\"flip-box-front\"><div class=\"flip-box-front-inner\"><div class=\"flip-box-grafix flip-box-image\"><img decoding=\"async\" src=\"http:\/\/skolaklas.cz\/wp-content\/uploads\/2025\/01\/klasyada02-e1736969910514-300x231.jpg\" width=\"300\" height=\"231\" alt=\"\" \/><\/div><h2 class=\"flip-box-heading\">Klasy\u00e1da 2024 - na\u0161e multikulturn\u00ed sportovn\u00ed hry<\/h2>\u010derven 2024<\/div><\/div><div class=\"flip-box-back\"><div class=\"flip-box-back-inner\"><h3 class=\"flip-box-heading-back\">Klasy\u00e1da 2024 - na\u0161e multikulturn\u00ed sportovn\u00ed hry<\/h3>\n<p>Konec \u0161koln\u00edho roku 2023\/2024 byl ve znamen\u00ed sportovn\u00edch her: konala se Klasy\u00e1da. \u017d\u00e1ci obou \u010d\u00e1st\u00ed na\u0161\u00ed \u0161koly se se\u0161li, vytvo\u0159ili multikulturn\u00ed a v\u011bkov\u011b sm\u00ed\u0161en\u00e9 t\u00fdmy a v r\u00e1mci p\u0159\u00edpravy si ka\u017ed\u00fd t\u00fdm vyrobil vlajku, vymyslel vlastn\u00ed jm\u00e9no a s pomoc\u00ed AI si slo\u017eil hymnu.<\/p>\n<p>Druh\u00fd den u\u017e zapo\u010daly samotn\u00e9 hry. Sout\u011b\u017eilo se t\u0159eba ve volejbalov\u00e9m turnaji, \u0161tafetov\u00e9m b\u011bhu nebo v h\u00e1zen\u00ed pap\u00edrovou vla\u0161tovkou. Odm\u011bnou po parn\u00e9m dni byla pro v\u0161echny pizza a zmrzlina.<\/p>\n<p><a href=\"http:\/\/skolaklas.cz\/wp-content\/uploads\/2025\/01\/klasyada03.jpg\"><img decoding=\"async\" class=\"alignnone wp-image-2762 size-medium\" src=\"http:\/\/skolaklas.cz\/wp-content\/uploads\/2025\/01\/klasyada03-e1736970319148-300x207.jpg\" alt=\"\" width=\"300\" height=\"207\" srcset=\"https:\/\/skolaklas.cz\/wp-content\/uploads\/2025\/01\/klasyada03-e1736970319148-200x138.jpg 200w, https:\/\/skolaklas.cz\/wp-content\/uploads\/2025\/01\/klasyada03-e1736970319148-300x207.jpg 300w, https:\/\/skolaklas.cz\/wp-content\/uploads\/2025\/01\/klasyada03-e1736970319148-400x276.jpg 400w, https:\/\/skolaklas.cz\/wp-content\/uploads\/2025\/01\/klasyada03-e1736970319148-600x414.jpg 600w, https:\/\/skolaklas.cz\/wp-content\/uploads\/2025\/01\/klasyada03-e1736970319148-768x530.jpg 768w, https:\/\/skolaklas.cz\/wp-content\/uploads\/2025\/01\/klasyada03-e1736970319148-800x552.jpg 800w, https:\/\/skolaklas.cz\/wp-content\/uploads\/2025\/01\/klasyada03-e1736970319148-1024x707.jpg 1024w, https:\/\/skolaklas.cz\/wp-content\/uploads\/2025\/01\/klasyada03-e1736970319148.jpg 1200w\" sizes=\"(max-width: 300px) 100vw, 300px\" \/><\/a><\/p>\n<\/div><\/div><\/div><\/div><\/div><div class=\"fusion-flip-box-wrapper fusion-column col-lg-4 col-md-4 col-sm-4\"><div class=\"fusion-flip-box flip-right\" tabindex=\"0\"><div class=\"flip-box-inner-wrapper\"><div class=\"flip-box-front\"><div class=\"flip-box-front-inner\"><div class=\"flip-box-grafix flip-box-image\"><img decoding=\"async\" src=\"http:\/\/skolaklas.cz\/wp-content\/uploads\/2024\/04\/IMG_5682-300x225.jpg\" width=\"300\" height=\"225\" alt=\"\" \/><\/div><h2 class=\"flip-box-heading\">\u010c\u00ednsk\u00fd den<\/h2>duben 2024<\/div><\/div><div class=\"flip-box-back\"><div class=\"flip-box-back-inner\"><h3 class=\"flip-box-heading-back\">\u010c\u00ednsk\u00fd den<\/h3>\n<p>Pan u\u010ditel Jacky poch\u00e1z\u00ed z \u010c\u00edny. P\u0159edstavil n\u00e1m svou kulturu a historii: \u017e\u00e1ci se u\u010dili \u010d\u00ednskou kaligrafii a napsali si \u010d\u00ednsky sv\u00e1 jm\u00e9na, kreslili tradi\u010dn\u00ed \u010d\u00ednsk\u00e9 masky, popasovali se s nun\u010daky a dostali do rukou p\u00e1r chvat\u016f z kung-fu. A samoz\u0159ejm\u011b ochutnali obl\u00edben\u00e9 m\u00edstn\u00ed sladkosti a okusili n\u011bkolik druh\u016f \u010daje.<\/p>\n<p><a href=\"http:\/\/skolaklas.cz\/wp-content\/uploads\/2024\/04\/IMG_5697-1-scaled.jpg\"><img decoding=\"async\" class=\"alignnone size-medium wp-image-2617\" src=\"http:\/\/skolaklas.cz\/wp-content\/uploads\/2024\/04\/IMG_5697-1-300x215.jpg\" alt=\"\" width=\"300\" height=\"215\" srcset=\"https:\/\/skolaklas.cz\/wp-content\/uploads\/2024\/04\/IMG_5697-1-200x143.jpg 200w, https:\/\/skolaklas.cz\/wp-content\/uploads\/2024\/04\/IMG_5697-1-300x214.jpg 300w, https:\/\/skolaklas.cz\/wp-content\/uploads\/2024\/04\/IMG_5697-1-400x287.jpg 400w, https:\/\/skolaklas.cz\/wp-content\/uploads\/2024\/04\/IMG_5697-1-600x430.jpg 600w, https:\/\/skolaklas.cz\/wp-content\/uploads\/2024\/04\/IMG_5697-1-768x551.jpg 768w, https:\/\/skolaklas.cz\/wp-content\/uploads\/2024\/04\/IMG_5697-1-800x574.jpg 800w, https:\/\/skolaklas.cz\/wp-content\/uploads\/2024\/04\/IMG_5697-1-1024x734.jpg 1024w, https:\/\/skolaklas.cz\/wp-content\/uploads\/2024\/04\/IMG_5697-1-1200x861.jpg 1200w, https:\/\/skolaklas.cz\/wp-content\/uploads\/2024\/04\/IMG_5697-1-1536x1102.jpg 1536w, https:\/\/skolaklas.cz\/wp-content\/uploads\/2024\/04\/IMG_5697-1-scaled.jpg 2560w\" sizes=\"(max-width: 300px) 100vw, 300px\" \/><\/a><\/p>\n<\/div><\/div><\/div><\/div><\/div><div class=\"fusion-flip-box-wrapper fusion-column col-lg-4 col-md-4 col-sm-4\"><div class=\"fusion-flip-box flip-right\" tabindex=\"0\"><div class=\"flip-box-inner-wrapper\"><div class=\"flip-box-front\"><div class=\"flip-box-front-inner\"><div class=\"flip-box-grafix flip-box-image\"><img decoding=\"async\" src=\"http:\/\/skolaklas.cz\/wp-content\/uploads\/2024\/02\/FCB_IIIII-300x225.jpg\" width=\"300\" height=\"225\" alt=\"\" \/><\/div><h2 class=\"flip-box-heading\">DRUH\u00c1CI MAJ\u00cd NOV\u00c9HO KAMAR\u00c1DA<\/h2>\u00fanor 2024<\/div><\/div><div class=\"flip-box-back\"><div class=\"flip-box-back-inner\"><h3 class=\"flip-box-heading-back\">DRUH\u00c1CI MAJ\u00cd NOV\u00c9HO KAMAR\u00c1DA<\/h3>\n<p style=\"text-align: center;\">Druh\u00e1\u010dci si v hodin\u011b \u010de\u0161tiny a pracovn\u00ed v\u00fdchovy vyrobili nov\u00e9ho kamar\u00e1da: HyChyKyRyDyTyNySe. Pom\u016f\u017ee jim s pravopisem, ale tak\u00e9 jim bude rozv\u00edjet fantazii, a\u017e budou vypr\u00e1v\u011bt, kde se vzal a odkud k n\u00e1m p\u0159i\u0161el.<\/p>\n<\/div><\/div><\/div><\/div><\/div><div class=\"fusion-flip-box-wrapper fusion-column col-lg-4 col-md-4 col-sm-4\"><div class=\"fusion-flip-box flip-right\" tabindex=\"0\"><div class=\"flip-box-inner-wrapper\"><div class=\"flip-box-front\"><div class=\"flip-box-front-inner\"><div class=\"flip-box-grafix flip-box-image\"><img decoding=\"async\" src=\"http:\/\/skolaklas.cz\/wp-content\/uploads\/2024\/02\/FCB_MS-225x300.jpg\" width=\"225\" height=\"300\" alt=\"\" \/><\/div><h2 class=\"flip-box-heading\">MASOPUST VE \u0160KOLCE<\/h2>\u00fanor 2024<\/div><\/div><div class=\"flip-box-back\"><div class=\"flip-box-back-inner\"><h3 class=\"flip-box-heading-back\">MASOPUST VE \u0160KOLCE<\/h3>\n<p style=\"text-align: center;\">\u0160kolkov\u00e9 d\u011bti si na Popele\u010dn\u00ed st\u0159edu u\u017eily oslavu masopustu. Masky si vyrobily samy.<\/p>\n<\/div><\/div><\/div><\/div><\/div><div class=\"fusion-flip-box-wrapper fusion-column col-lg-4 col-md-4 col-sm-4\"><div class=\"fusion-flip-box flip-right\" tabindex=\"0\"><div class=\"flip-box-inner-wrapper\"><div class=\"flip-box-front\"><div class=\"flip-box-front-inner\"><div class=\"flip-box-grafix flip-box-image\"><img decoding=\"async\" src=\"http:\/\/skolaklas.cz\/wp-content\/uploads\/2024\/02\/FCB_opatovice-300x169.jpg\" width=\"300\" height=\"169\" alt=\"\" \/><\/div><h2 class=\"flip-box-heading\">FYZIKA NA VLASTN\u00cd K\u016e\u017dI<\/h2>leden 2024<\/div><\/div><div class=\"flip-box-back\"><div class=\"flip-box-back-inner\"><h3 class=\"flip-box-heading-back\">FYZIKA NA VLASTN\u00cd K\u016e\u017dI<\/h3>\n<p style=\"text-align: center;\">\u017d\u00e1ci VII., VIII. a IX. t\u0159\u00eddy zav\u00edtali na prohl\u00eddku Elektr\u00e1rny Opatovice. Na vlastn\u00ed o\u010di a k\u016f\u017ei tam zjistili, kde se bere teplo do jejich domov\u016f a elekt\u0159ina do jejich iPad\u016f.<\/p>\n<\/div><\/div><\/div><\/div><\/div><div class=\"fusion-flip-box-wrapper fusion-column col-lg-4 col-md-4 col-sm-4\"><div class=\"fusion-flip-box flip-right\" tabindex=\"0\"><div class=\"flip-box-inner-wrapper\"><div class=\"flip-box-front\"><div class=\"flip-box-front-inner\"><div class=\"flip-box-grafix flip-box-image\"><img decoding=\"async\" src=\"http:\/\/skolaklas.cz\/wp-content\/uploads\/2024\/02\/FCB_lyzak-300x225.jpg\" width=\"300\" height=\"225\" alt=\"\" \/><\/div><h2 class=\"flip-box-heading\">DRUH\u00dd STUPE\u0147 NA LY\u017d\u00c1KU<\/h2>leden 2024<\/div><\/div><div class=\"flip-box-back\"><div class=\"flip-box-back-inner\"><h3 class=\"flip-box-heading-back\">DRUH\u00dd STUPE\u0147 NA LY\u017d\u00c1KU<\/h3>\n<p style=\"text-align: center;\">Letos se ly\u017ea\u0159sk\u00e9ho kurzu \u00fa\u010dastnili\u00a0\u017e\u00e1ci 2. stupn\u011b. Hned po V\u00e1noc\u00edch odjeli do ly\u017ea\u0159sk\u00e9ho centra v Jansk\u00fdch L\u00e1zn\u00edch a t\u00fdden str\u00e1vili na svaz\u00edch \u010cern\u00e9 hory. Nevypadalo to, ale po\u010das\u00ed n\u00e1m nakonec velmi p\u0159\u00e1lo.<\/p>\n<\/div><\/div><\/div><\/div><\/div><div class=\"fusion-flip-box-wrapper fusion-column col-lg-4 col-md-4 col-sm-4\"><div class=\"fusion-flip-box flip-right\" tabindex=\"0\"><div class=\"flip-box-inner-wrapper\"><div class=\"flip-box-front\"><div class=\"flip-box-front-inner\"><div class=\"flip-box-grafix flip-box-image\"><img decoding=\"async\" src=\"http:\/\/skolaklas.cz\/wp-content\/uploads\/2024\/02\/FCB_III-291x300.jpg\" width=\"291\" height=\"300\" alt=\"\" \/><\/div><h2 class=\"flip-box-heading\">U\u017d\u00cdT SI KNIHU<\/h2>leden 2024<\/div><\/div><div class=\"flip-box-back\"><div class=\"flip-box-back-inner\"><h3 class=\"flip-box-heading-back\">U\u017d\u00cdT SI KNIHU<\/h3>\n<p style=\"text-align: center;\">T\u0159e\u0165\u00e1ci se s pan\u00ed u\u010ditelkou V\u011brou no\u0159ili do p\u0159\u00edb\u011bh\u016f v\u0161emi smysly. I tak mohou vypadat \u010dten\u00e1\u0159sk\u00e9 d\u00edlny.<\/p>\n<\/div><\/div><\/div><\/div><\/div><div class=\"fusion-flip-box-wrapper fusion-column col-lg-4 col-md-4 col-sm-4\"><div class=\"fusion-flip-box flip-right\" tabindex=\"0\"><div class=\"flip-box-inner-wrapper\"><div class=\"flip-box-front\"><div class=\"flip-box-front-inner\"><div class=\"flip-box-grafix flip-box-image\"><img decoding=\"async\" src=\"http:\/\/skolaklas.cz\/wp-content\/uploads\/2024\/01\/praha-225x300.jpg\" width=\"225\" height=\"300\" alt=\"\" \/><\/div><h2 class=\"flip-box-heading\">Prv\u0148\u00e1\u010dci v Praze<\/h2>leden 2024<\/div><\/div><div class=\"flip-box-back\"><div class=\"flip-box-back-inner\"><h3 class=\"flip-box-heading-back\">Prv\u0148\u00e1\u010dci v Praze<\/h3>\n<div dir=\"auto\">Na\u0161i prv\u0148\u00e1\u010dci si minul\u00fd t\u00fdden vyzkou\u0161eli prvn\u00ed v\u00edcedenn\u00ed v\u00fdjezd se \u0161kolou &#8211; na 3 dny do Prahy. Poznali velkom\u011bsto z historick\u00e9 i p\u0159\u00edrodn\u00ed str\u00e1nky. Pod\u00edvali se do <a class=\"x1i10hfl xjbqb8w x6umtig x1b1mbwd xaqea5y xav7gou x9f619 x1ypdohk xt0psk2 xe8uvvx xdj266r x11i5rnm xat24cr x1mh8g0r xexx8yu x4uap5 x18d9i69 xkhd6sd x16tdsg8 x1hl2dhg xggy1nq x1a2a7pz xt0b8zv x1fey0fg xo1l8bm\" tabindex=\"0\" role=\"link\" href=\"https:\/\/www.facebook.com\/BotanickaZahradaPraha?__cft__&#091;0&#093;=AZWF0i8_xrGYv1FK7K4AMzQoJjYjZ65tAZvVXsnD0Q3Bt4ngQE1yzpIYeNykUDyph_Kb4yZanvFtfCiszry4QF8rItoluYXrNt8wyYpEVqYgrspadqrDo9Cvha-xJDU0_Px2LbrHzJQyq38wstYrznACjSaJlDcWOmSKDyzqIDizkPy_QYbRb_Xt4jAyS7Djn8s&amp;__tn__=-&#093;K-R\"><span class=\"xt0psk2\">Botanick\u00e1 zahrada Praha<\/span><\/a>, kde hlavn\u011b maso\u017eravky zanechaly siln\u00fd dojem. A bydlen\u00ed s baz\u00e9nem byla taky velk\u00e1 v\u00fdhoda!<\/div>\n<div dir=\"auto\">V\u0161ichni zvl\u00e1dli pobyt state\u010dn\u011b, ob\u011b pan\u00ed u\u010ditelky se vr\u00e1tily bez \u00fajmy. D\u011bkujeme jim za skv\u011ble p\u0159ipravenou akci!<\/div>\n<\/div><\/div><\/div><\/div><\/div><div class=\"fusion-flip-box-wrapper fusion-column col-lg-4 col-md-4 col-sm-4\"><div class=\"fusion-flip-box flip-right\" tabindex=\"0\"><div class=\"flip-box-inner-wrapper\"><div class=\"flip-box-front\"><div class=\"flip-box-front-inner\"><div class=\"flip-box-grafix flip-box-image\"><img decoding=\"async\" src=\"http:\/\/skolaklas.cz\/wp-content\/uploads\/2024\/01\/muzeum-226x300.jpg\" width=\"226\" height=\"300\" alt=\"\" \/><\/div><h2 class=\"flip-box-heading\">\u010ctvr\u0165\u00e1ci a p\u00e1\u0165\u00e1ci pom\u00e1haj\u00ed<\/h2>leden 2024<\/div><\/div><div class=\"flip-box-back\"><div class=\"flip-box-back-inner\"><h3 class=\"flip-box-heading-back\">\u010ctvr\u0165\u00e1ci a p\u00e1\u0165\u00e1ci pom\u00e1haj\u00ed<\/h3>\n<div dir=\"auto\">\u017d\u00e1ci V. a VI. ro\u010dn\u00edku minul\u00fd t\u00fdden nav\u0161t\u00edvili statek <a class=\"x1i10hfl xjbqb8w x6umtig x1b1mbwd xaqea5y xav7gou x9f619 x1ypdohk xt0psk2 xe8uvvx xdj266r x11i5rnm xat24cr x1mh8g0r xexx8yu x4uap5 x18d9i69 xkhd6sd x16tdsg8 x1hl2dhg xggy1nq x1a2a7pz xt0b8zv x1fey0fg xo1l8bm\" tabindex=\"0\" role=\"link\" href=\"https:\/\/www.facebook.com\/statekApolenka?__cft__&#091;0&#093;=AZXUQlvuoTReafBB9BbmjGZuiucFsEuW-cl8Ai2xChB6wuM_4vhw1XYZ6jJMik27XsTw3WSweRnE7r14yFlc2apGDL5rv7bOTGkKF9y1GBpSW-K4sCFQn1kjwumtKt3H2olQ6JUXUtfGvybT7wNRcKFT5gVH9b80IVbMg-UnxwFp8iykO_WzIZGhsYUTZqdjM7w&amp;__tn__=-&#093;K-R\"><span class=\"xt0psk2\">Apolenka z.s.<\/span><\/a> a jeho veden\u00ed p\u0159edali finan\u010dn\u00ed dar, kter\u00fd na podporu zdej\u0161\u00edch zv\u00ed\u0159\u00e1tek vybrali na v\u00e1no\u010dn\u00edm jarmarku. Cestou do \u0161koly se stavili ve <a class=\"x1i10hfl xjbqb8w x6umtig x1b1mbwd xaqea5y xav7gou x9f619 x1ypdohk xt0psk2 xe8uvvx xdj266r x11i5rnm xat24cr x1mh8g0r xexx8yu x4uap5 x18d9i69 xkhd6sd x16tdsg8 x1hl2dhg xggy1nq x1a2a7pz xt0b8zv x1fey0fg xo1l8bm\" tabindex=\"0\" role=\"link\" href=\"https:\/\/www.facebook.com\/zamekpardubice?__cft__&#091;0&#093;=AZXUQlvuoTReafBB9BbmjGZuiucFsEuW-cl8Ai2xChB6wuM_4vhw1XYZ6jJMik27XsTw3WSweRnE7r14yFlc2apGDL5rv7bOTGkKF9y1GBpSW-K4sCFQn1kjwumtKt3H2olQ6JUXUtfGvybT7wNRcKFT5gVH9b80IVbMg-UnxwFp8iykO_WzIZGhsYUTZqdjM7w&amp;__tn__=-&#093;K-R\"><span class=\"xt0psk2\">V\u00fdchodo\u010desk\u00e9 muzeum &#8211; Z\u00e1mek Pardubice<\/span><\/a> a zkusili zjistit, jak jim padne brn\u011bn\u00ed. <span class=\"x3nfvp2 x1j61x8r x1fcty0u xdj266r xhhsvwb xat24cr xgzva0m xxymvpz xlup9mm x1kky2od\"><img decoding=\"async\" class=\"xz74otr\" src=\"https:\/\/static.xx.fbcdn.net\/images\/emoji.php\/v9\/t4c\/1\/16\/1f642.png\" alt=\"\ud83d\ude42\" width=\"16\" height=\"16\" \/><\/span><\/div>\n<div dir=\"auto\">U\u017e p\u0159ed V\u00e1noci na\u0161i \u010dtvr\u0165\u00e1ci podpo\u0159ili <a class=\"x1i10hfl xjbqb8w x6umtig x1b1mbwd xaqea5y xav7gou x9f619 x1ypdohk xt0psk2 xe8uvvx xdj266r x11i5rnm xat24cr x1mh8g0r xexx8yu x4uap5 x18d9i69 xkhd6sd x16tdsg8 x1hl2dhg xggy1nq x1a2a7pz xt0b8zv x1fey0fg xo1l8bm\" tabindex=\"0\" role=\"link\" href=\"https:\/\/www.facebook.com\/pohadkovazahrada?__cft__&#091;0&#093;=AZXUQlvuoTReafBB9BbmjGZuiucFsEuW-cl8Ai2xChB6wuM_4vhw1XYZ6jJMik27XsTw3WSweRnE7r14yFlc2apGDL5rv7bOTGkKF9y1GBpSW-K4sCFQn1kjwumtKt3H2olQ6JUXUtfGvybT7wNRcKFT5gVH9b80IVbMg-UnxwFp8iykO_WzIZGhsYUTZqdjM7w&amp;__tn__=-&#093;K-R\"><span class=\"xt0psk2\">Poh\u00e1dkov\u00e1 zahrada se zv\u00ed\u0159\u00e1tky<\/span><\/a> pen\u011bzi, kter\u00e9 na jarmarku vyd\u011blali v\u00fdrobou a prodejem vafl\u00ed.<\/div>\n<div dir=\"auto\">Jsme na n\u011b hrd\u00ed!<\/div>\n<\/div><\/div><\/div><\/div><\/div><div class=\"fusion-flip-box-wrapper fusion-column col-lg-4 col-md-4 col-sm-4\"><div class=\"fusion-flip-box flip-right\" tabindex=\"0\"><div class=\"flip-box-inner-wrapper\"><div class=\"flip-box-front\"><div class=\"flip-box-front-inner\"><div class=\"flip-box-grafix flip-box-image\"><img decoding=\"async\" src=\"http:\/\/skolaklas.cz\/wp-content\/uploads\/2024\/01\/sfera-225x300.jpg\" width=\"225\" height=\"300\" alt=\"\" \/><\/div><h2 class=\"flip-box-heading\">Druh\u00e1\u010dci a t\u0159e\u0165\u00e1ci ve Sf\u00e9\u0159e<\/h2>leden 2024<\/div><\/div><div class=\"flip-box-back\"><div class=\"flip-box-back-inner\"><h3 class=\"flip-box-heading-back\">Druh\u00e1\u010dci a t\u0159e\u0165\u00e1ci ve Sf\u00e9\u0159e<\/h3>\n<p>S nov\u00fdm rokem se Klas zase naplno pustil do z\u00e1\u017eitkov\u00e9ho u\u010den\u00ed &#8211; \u017e\u00e1\u010dci II. a III. t\u0159\u00eddy se ve st\u0159edu pod\u00edvali na <a class=\"x1i10hfl xjbqb8w x6umtig x1b1mbwd xaqea5y xav7gou x9f619 x1ypdohk xt0psk2 xe8uvvx xdj266r x11i5rnm xat24cr x1mh8g0r xexx8yu x4uap5 x18d9i69 xkhd6sd x16tdsg8 x1hl2dhg xggy1nq x1a2a7pz xt0b8zv x1fey0fg xo1l8bm\" tabindex=\"0\" role=\"link\" href=\"https:\/\/www.facebook.com\/Z%C3%A1mek-Pardubice-1442261792739422\/?__cft__&#091;0&#093;=AZXtdoX6t9ZqRcj0Xm7z6jk9LKtRD55d9RB80wraj2oB59kSll9-NekFDvGNwL0Gp7PyDvghUOZRTpxGi1pAqjJ-eBgSoLBAsEsdPdww4tzlHzSYMwNXu4T9lGbeUIKGBTqcdA7AGd9IR4zmH7n0EtKMkXZ8oLiDP0h5Gil5jcF4GnEVqNtCK-6sdbG--1F5AqQ&amp;__tn__=kK-R\"><span class=\"xt0psk2\">Z\u00e1mek Pardubice<\/span><\/a> a prakticky se sezn\u00e1mili s legendou o pern\u0161tejnsk\u00e9m zubrovi, v p\u00e1tek pak nav\u0161t\u00edvili <a class=\"x1i10hfl xjbqb8w x6umtig x1b1mbwd xaqea5y xav7gou x9f619 x1ypdohk xt0psk2 xe8uvvx xdj266r x11i5rnm xat24cr x1mh8g0r xexx8yu x4uap5 x18d9i69 xkhd6sd x16tdsg8 x1hl2dhg xggy1nq x1a2a7pz xt0b8zv x1fey0fg xo1l8bm\" tabindex=\"0\" role=\"link\" href=\"https:\/\/www.facebook.com\/SferaPardubice?__cft__&#091;0&#093;=AZXtdoX6t9ZqRcj0Xm7z6jk9LKtRD55d9RB80wraj2oB59kSll9-NekFDvGNwL0Gp7PyDvghUOZRTpxGi1pAqjJ-eBgSoLBAsEsdPdww4tzlHzSYMwNXu4T9lGbeUIKGBTqcdA7AGd9IR4zmH7n0EtKMkXZ8oLiDP0h5Gil5jcF4GnEVqNtCK-6sdbG--1F5AqQ&amp;__tn__=-&#093;K-R\"><span class=\"xt0psk2\">SF\u00c9RA_Pardubice<\/span><\/a> a vyzkou\u0161eli si roli v\u011bdc\u016f. Doporu\u010duje deset z deseti d\u011bt\u00ed!<\/p>\n<\/div><\/div><\/div><\/div><\/div><\/div><div class=\"clearfix\"><\/div><div class=\"fusion-clearfix\"><\/div><\/div><\/div><\/div><\/div>\n","protected":false},"excerpt":{"rendered":"","protected":false},"author":2,"featured_media":0,"parent":0,"menu_order":0,"comment_status":"closed","ping_status":"closed","template":"","meta":{"footnotes":""},"class_list":["post-3191","page","type-page","status-publish","hentry"],"_links":{"self":[{"href":"https:\/\/skolaklas.cz\/index.php?rest_route=\/wp\/v2\/pages\/3191","targetHints":{"allow":["GET"]}}],"collection":[{"href":"https:\/\/skolaklas.cz\/index.php?rest_route=\/wp\/v2\/pages"}],"about":[{"href":"https:\/\/skolaklas.cz\/index.php?rest_route=\/wp\/v2\/types\/page"}],"author":[{"embeddable":true,"href":"https:\/\/skolaklas.cz\/index.php?rest_route=\/wp\/v2\/users\/2"}],"replies":[{"embeddable":true,"href":"https:\/\/skolaklas.cz\/index.php?rest_route=%2Fwp%2Fv2%2Fcomments&post=3191"}],"version-history":[{"count":3,"href":"https:\/\/skolaklas.cz\/index.php?rest_route=\/wp\/v2\/pages\/3191\/revisions"}],"predecessor-version":[{"id":3195,"href":"https:\/\/skolaklas.cz\/index.php?rest_route=\/wp\/v2\/pages\/3191\/revisions\/3195"}],"wp:attachment":[{"href":"https:\/\/skolaklas.cz\/index.php?rest_route=%2Fwp%2Fv2%2Fmedia&parent=3191"}],"curies":[{"name":"wp","href":"https:\/\/api.w.org\/{rel}","templated":true}]}}